{"id":1082,"date":"2019-06-19T16:33:48","date_gmt":"2019-06-19T13:33:48","guid":{"rendered":"http:\/\/10.15.51.60\/cacj\/?page_id=1082"},"modified":"2026-03-04T08:47:04","modified_gmt":"2026-03-04T06:47:04","slug":"organizare","status":"publish","type":"page","link":"https:\/\/www.curteadeapelcluj.ro\/index.php\/despre-noi\/organizare.html","title":{"rendered":"Organizare"},"content":{"rendered":"<div id=\"pl-1082\"  class=\"panel-layout\" ><div id=\"pg-1082-0\"  class=\"panel-grid panel-has-style\" ><div class=\"siteorigin-panels-stretch panel-row-style panel-row-style-for-1082-0\" data-stretch-type=\"full\" ><div id=\"pgc-1082-0-0\"  class=\"panel-grid-cell\" ><div id=\"panel-1082-0-0-0\" class=\"so-panel widget widget_sow-editor panel-first-child\" data-index=\"0\" ><div class=\"panel-widget-style panel-widget-style-for-1082-0-0-0\" ><div\n\t\t\t\n\t\t\tclass=\"so-widget-sow-editor so-widget-sow-editor-base\"\n\t\t\t\n\t\t>\n<div class=\"siteorigin-widget-tinymce textwidget\">\n\t<p><span style=\"font-size: 20px; color: #000000;\"><span style=\"font-size: 20px; font-family: arial, helvetica, sans-serif;\">Organizare<br \/>\n<img loading=\"lazy\" decoding=\"async\" class=\"alignleft wp-image-2601 size-full\" src=\"https:\/\/www.curteadeapelcluj.ro\/wp-content\/uploads\/2019\/10\/linie-subtitlu1200x1.png\" alt=\"\" width=\"1200\" height=\"1\" srcset=\"https:\/\/www.curteadeapelcluj.ro\/wp-content\/uploads\/2019\/10\/linie-subtitlu1200x1.png 1200w, https:\/\/www.curteadeapelcluj.ro\/wp-content\/uploads\/2019\/10\/linie-subtitlu1200x1-150x1.png 150w, https:\/\/www.curteadeapelcluj.ro\/wp-content\/uploads\/2019\/10\/linie-subtitlu1200x1-300x1.png 300w, https:\/\/www.curteadeapelcluj.ro\/wp-content\/uploads\/2019\/10\/linie-subtitlu1200x1-768x1.png 768w, https:\/\/www.curteadeapelcluj.ro\/wp-content\/uploads\/2019\/10\/linie-subtitlu1200x1-1024x1.png 1024w, https:\/\/www.curteadeapelcluj.ro\/wp-content\/uploads\/2019\/10\/linie-subtitlu1200x1-720x1.png 720w, https:\/\/www.curteadeapelcluj.ro\/wp-content\/uploads\/2019\/10\/linie-subtitlu1200x1-1080x1.png 1080w, https:\/\/www.curteadeapelcluj.ro\/wp-content\/uploads\/2019\/10\/linie-subtitlu1200x1-960x1.png 960w, https:\/\/www.curteadeapelcluj.ro\/wp-content\/uploads\/2019\/10\/linie-subtitlu1200x1-272x1.png 272w, https:\/\/www.curteadeapelcluj.ro\/wp-content\/uploads\/2019\/10\/linie-subtitlu1200x1-436x1.png 436w\" sizes=\"auto, (max-width: 1200px) 100vw, 1200px\" \/><\/span><strong><span style=\"font-size: 20px;\"><br \/>\n<\/span><\/strong><\/span><\/p>\n<\/div>\n<\/div><\/div><\/div><div id=\"panel-1082-0-0-1\" class=\"so-panel widget widget_sow-editor panel-last-child\" data-index=\"1\" ><div\n\t\t\t\n\t\t\tclass=\"so-widget-sow-editor so-widget-sow-editor-base\"\n\t\t\t\n\t\t>\n<div class=\"siteorigin-widget-tinymce textwidget\">\n\t<p><span style=\"color: #000000;\"><strong>Pre\u015fedinte instan\u0163\u0103<\/strong><\/span>: Dana-Cristina G\u00eerbovan<\/p>\n<p><span style=\"color: #000000;\"><strong>Vicepre\u015fedinte<\/strong><\/span>: Delia-Ana Marusciac<br \/>\n<span style=\"color: #000000;\"><strong>Vicepre\u015fedinte<\/strong><\/span>: Mih\u0103i\u0163\u0103-Lucian Marian<\/p>\n<p><strong><span style=\"color: #000000;\">Colegiul de conducere format din<\/span>:<br \/>\n<\/strong>Dana-Cristina G\u00eerbovan - pre\u015fedintele colegiului de conducere<br \/>\nDelia-Ana Marusciac - judec\u0103tor<br \/>\nMih\u0103i\u0163\u0103-Lucian Marian - judec\u0103tor<br \/>\nSergiu-C\u0103t\u0103lin Bobo\u015f - judec\u0103tor<br \/>\nMihaela S\u0103r\u0103cu\u021b - judec\u0103tor<br \/>\nAnamaria-Gabriela Vida-Simiti - judec\u0103tor<br \/>\nIoana-Rozalia Borza - judec\u0103tor<br \/>\nPaula-Andrada Co\u0163ovanu - judec\u0103tor<br \/>\nRadu-Rare\u0219 Du\u0219a - judec\u0103tor<br \/>\nAna-Sorina Sele\u015fiu - judec\u0103tor<br \/>\nMagdalena-Estera Toda - prim-grefier - secretar al colegiului<\/p>\n<p><span style=\"color: #000000;\"><strong>Prim grefier<\/strong><\/span>: Magdalena-Estera Toda<\/p>\n<\/div>\n<\/div><\/div><\/div><\/div><\/div><div id=\"pg-1082-1\"  class=\"panel-grid panel-has-style\" ><div class=\"siteorigin-panels-stretch panel-row-style panel-row-style-for-1082-1\" data-stretch-type=\"full\" ><div id=\"pgc-1082-1-0\"  class=\"panel-grid-cell\" ><div id=\"panel-1082-1-0-0\" class=\"so-panel widget widget_sow-editor panel-first-child\" data-index=\"2\" ><div class=\"panel-widget-style panel-widget-style-for-1082-1-0-0\" ><div\n\t\t\t\n\t\t\tclass=\"so-widget-sow-editor so-widget-sow-editor-base\"\n\t\t\t\n\t\t>\n<div class=\"siteorigin-widget-tinymce textwidget\">\n\t<p style=\"text-align: center;\"><span style=\"color: #993300;\"><strong>Sec\u0163ia I civil\u0103<\/strong><\/span><\/p>\n<p><strong><span style=\"color: #000000;\">Pre\u015fedinte sec\u0163ie<\/span>:<\/strong> Sergiu-C\u0103t\u0103lin Bobo\u015f<br \/>\n<strong><span style=\"color: #000000;\">Judec\u0103tori<\/span>:<\/strong><br \/>\nSergiu-C\u0103t\u0103lin Bobo\u015f<br \/>\nAnamaria C\u00e2mpean<br \/>\nIoan-Daniel Chi\u015f<br \/>\nMarcela-Mihaela Oncica-Sanislav<br \/>\nMirela Roxana Petrariu<br \/>\nGeorgeta-Olimpia One\u0163<br \/>\n\u015eoimi\u0163a Bianca Pop<br \/>\nSorina-Ana Sele\u015fiu<br \/>\nRamona-Corina Vasile<br \/>\n<strong><span style=\"color: #000000;\">Grefier \u015fef sec\u0163ie<\/span>: <\/strong>Cristina Preda<br \/>\n<span style=\"color: #000000;\"><strong>Grefieri:<br \/>\n<\/strong><\/span>Corina-Eliza Buk\u015fa<br \/>\nDaiana Andra Burnete<br \/>\nEmilia-Eva Corondan<br \/>\nIonela-Georgeta Dragomir<br \/>\nMihaela Dobra-Nistor<br \/>\nAlina Mariana Maier<br \/>\nAngela-Anca Muncaciu<\/p>\n<\/div>\n<\/div><\/div><\/div><div id=\"panel-1082-1-0-1\" class=\"so-panel widget widget_sow-editor panel-last-child\" data-index=\"3\" ><div class=\"panel-widget-style panel-widget-style-for-1082-1-0-1\" ><div\n\t\t\t\n\t\t\tclass=\"so-widget-sow-editor so-widget-sow-editor-base\"\n\t\t\t\n\t\t>\n<div class=\"siteorigin-widget-tinymce textwidget\">\n\t<p style=\"text-align: center;\"><span style=\"color: #993300;\"><strong>Sec\u0163ia a II-a civil\u0103<\/strong><\/span><\/p>\n<p><span style=\"color: #000000;\"><strong>Pre\u015fedinte sec\u0163ie:<\/strong><\/span> Mihaela S\u0103r\u0103cu\u0163<br \/>\n<span style=\"color: #000000;\"><strong>Judec\u0103tori:<\/strong><\/span><br \/>\nAxente-Irinel Andrei<br \/>\nMaria-Camelia Boti\u015f<br \/>\nS\u00eenziana-Felicia Coroiu<br \/>\nAncu\u0163a Grigorie-Ioni\u0163\u0103<br \/>\nDaniela Hamciuc<br \/>\nMonica-Ileana Iuga<br \/>\nAlina-Gabriela Nicolescu<br \/>\nDoina-Viorica Popovici<br \/>\nDanusia Pu\u015fca\u015fu<br \/>\nMihaela S\u0103r\u0103cu\u0163<br \/>\nRoxana-Mihaela Vere\u015f<br \/>\n<span style=\"color: #000000;\"><strong>Grefier \u015fef sec\u0163ie: <\/strong><\/span>Lumini\u0163a-Sidonia Florean<br \/>\n<span style=\"color: #000000;\"><strong>Grefieri:<\/strong><\/span><br \/>\nAna-Cristina Ambroze<br \/>\nLucian B\u0103d\u0103u<br \/>\nIrina-Maria Groza<br \/>\nRovena-Rosana L\u0103pu\u015fan<br \/>\nDenisa-Miana Muntean<br \/>\nFlorina-Teodora Macarie<\/p>\n<\/div>\n<\/div><\/div><\/div><\/div><div id=\"pgc-1082-1-1\"  class=\"panel-grid-cell\" ><div id=\"panel-1082-1-1-0\" class=\"so-panel widget widget_sow-editor panel-first-child\" data-index=\"4\" ><div class=\"panel-widget-style panel-widget-style-for-1082-1-1-0\" ><div\n\t\t\t\n\t\t\tclass=\"so-widget-sow-editor so-widget-sow-editor-base\"\n\t\t\t\n\t\t>\n<div class=\"siteorigin-widget-tinymce textwidget\">\n\t<p style=\"text-align: center;\"><span style=\"color: #993300;\"><strong>Sec\u0163ia a III-a contencios administrativ \u015fi fiscal<\/strong><\/span><\/p>\n<p><strong><span style=\"color: #000000;\">Pre\u015fedinte sec\u0163ie<\/span>: <\/strong>Anamaria-Gabriela Vida-Simiti<br \/>\n<span style=\"color: #000000;\"><strong>Judec\u0103tori<\/strong>:<\/span><br \/>\nGeorge Barbura-Turcu<br \/>\nMonica Diaconescu<br \/>\nRadu-Rare\u015f Du\u015fa<br \/>\nOana Lavinia Fi\u0163ig\u0103u<br \/>\nFlorin-C\u0103t\u0103lin Jacot\u0103<br \/>\nDelia-Ana Marusciac<br \/>\nIoana P\u0103scule\u0163<br \/>\nAnghel Marian Pop<br \/>\nIarina-Ioana Prelipceanu<br \/>\nAnca-Maria Rad<br \/>\nAntoniu \u015eimon - delegat 6 luni la Tribunalul Maramure\u015f<br \/>\nAnamaria-Gabriela Vida-Simiti<br \/>\nBogdan-George Zdrenghea<br \/>\n<strong>Asisten\u0163i ai judec\u0103torului:<\/strong><br \/>\nIoana-Diana Badiu<br \/>\n<span style=\"color: #000000;\"><strong>Grefier \u015fef sec\u0163ie<\/strong>:<\/span> Marius-Cristian Traica<strong><br \/>\n<\/strong><span style=\"color: #000000;\"><strong>Grefieri<\/strong>:<br \/>\n<\/span>Roxana-Loredana Anecoloaie<br \/>\nAndreea Dan<br \/>\nVictoria-Violeta D\u0103ncil\u0103<br \/>\nAlexandra Lucia Dumitru<br \/>\nDaniela Chiril\u0103<br \/>\nMariana Maria Clapa<br \/>\nMaria-Cristina Popa<br \/>\nAndreea Rus<br \/>\nIosefina-Nicoleta Trif<br \/>\nM\u0103rioara Varadi-Goia<\/p>\n<\/div>\n<\/div><\/div><\/div><div id=\"panel-1082-1-1-1\" class=\"so-panel widget widget_sow-editor panel-last-child\" data-index=\"5\" ><div class=\"panel-widget-style panel-widget-style-for-1082-1-1-1\" ><div\n\t\t\t\n\t\t\tclass=\"so-widget-sow-editor so-widget-sow-editor-base\"\n\t\t\t\n\t\t>\n<div class=\"siteorigin-widget-tinymce textwidget\">\n\t<p style=\"text-align: center;\"><span style=\"color: #993300;\"><strong>Sec\u0163ia a IV-a pentru litigii de munc\u0103 \u015fi asigur\u0103ri sociale<\/strong><\/span><\/p>\n<p><span style=\"color: #000000;\"><strong>Pre\u015fedinte sec\u0163ie:<\/strong><\/span> Ioana-Rozalia Borza<br \/>\n<span style=\"color: #000000;\"><strong>Judec\u0103tori:<br \/>\n<\/strong><\/span>Ioana-Rozalia Borza<br \/>\nVasile-Marius Boti\u015f<br \/>\nSimona Georgeta Cristea<br \/>\nR\u0103zvan Rare\u015f Costea<br \/>\nSergiu Diaconescu<br \/>\nDana-Cristina G\u00eerbovan<br \/>\nMaria Daniela Lar<br \/>\nCorina-Mihaela \u015eiman<br \/>\nGeorge-Marius Mara<br \/>\nCarmen-Simona Moldovan<br \/>\nSabina-Simona Osta\u015f<br \/>\nRodica Tan\u0163\u0103u<br \/>\nRosina-Valentina Todea<br \/>\n<span style=\"color: #000000;\"><strong>Asisten\u0163i ai judec\u0103torului:<\/strong><\/span><br \/>\nMarcos Damarcsek<br \/>\nAndreea Marian<br \/>\nMaria Vasile<br \/>\n<span style=\"color: #000000;\"><strong>Grefier \u015fef sec\u0163ie: <\/strong><\/span>Adriana Barz<br \/>\n<span style=\"color: #000000;\"><strong>Grefieri:<\/strong><\/span><br \/>\nMariana Bodea<br \/>\nCristina-Floarea Bogdan<br \/>\nLucian Cioban<br \/>\nSanda-Gabriela Ciurdar<br \/>\nNicolae Dumitru<br \/>\nRebeca-Cristina Filimon<br \/>\nCrina-Monica Moncea<br \/>\nNicoleta Ni\u021b\u0103<br \/>\nSimona-Ioana \u015eofron<br \/>\nEva-Tunde Vincze<\/p>\n<\/div>\n<\/div><\/div><\/div><\/div><div id=\"pgc-1082-1-2\"  class=\"panel-grid-cell\" ><div id=\"panel-1082-1-2-0\" class=\"so-panel widget widget_sow-editor panel-first-child\" data-index=\"6\" ><div class=\"panel-widget-style panel-widget-style-for-1082-1-2-0\" ><div\n\t\t\t\n\t\t\tclass=\"so-widget-sow-editor so-widget-sow-editor-base\"\n\t\t\t\n\t\t>\n<div class=\"siteorigin-widget-tinymce textwidget\">\n\t<p style=\"text-align: center;\"><span style=\"color: #993300;\"><strong>Sec\u0163ia penal\u0103 \u015fi de minori<\/strong><\/span><\/p>\n<p><strong><span style=\"color: #000000;\">Pre\u015fedinte sec\u0163ie: <\/span><\/strong>Paula-Andrada Co\u0163ovanu<br \/>\n<span style=\"color: #000000;\"><strong>Judec\u0103tori:<br \/>\n<\/strong><\/span>Cristina-Maria Badea<br \/>\nIonu\u0163-Ovidiu Borlan<br \/>\nVasile Coman<br \/>\nPaula-Andrada Co\u0163ovanu<br \/>\nSimina Corla\u0163eanu<br \/>\nGeorgiana-Rodica F\u0103rca\u015f-H\u00eengan<br \/>\nLumini\u0163a-Maria Firicel<br \/>\nMihai-Iulian G\u00eelc\u0103<br \/>\nMihai-\u015etefan Ghica<br \/>\nOana-Maria Ivanciuc<br \/>\nTeodora-Loredana Iva\u015fcu<br \/>\nAlexandru Tiliciu<br \/>\nStanca-Ioana Marcu<br \/>\nMih\u0103i\u0163\u0103-Lucian Marian<br \/>\nDaniela-Anca Moldovan<br \/>\nAnamaria Petre<br \/>\nAncu\u0163a Pura - numit\u0103 personal de instruire la SNG<br \/>\nMonica-Ioana \u015eortan<br \/>\nMaria-Cristina \u015etef<br \/>\nSimona Trestian<br \/>\n<span style=\"color: #000000;\"><strong>Asisten\u0163i ai judec\u0103torului:<\/strong><\/span><br \/>\nRamona Cristina Baco\u0219<br \/>\nDaniela Anca Bota<br \/>\nLaviania Maria Budrala-Drasovean<br \/>\nIrina Dana Pop<br \/>\nMariana-Cristina Po\u015fa<br \/>\n<span style=\"color: #000000;\"><strong>Grefier \u015fef sec\u0163ie: <\/strong><\/span>Teodora-Gabriela Grindean<br \/>\n<span style=\"color: #000000;\"><strong>Grefieri:<\/strong><\/span><br \/>\nMaria-Magdalena Adam<br \/>\nIulia Magdalena Bodea<br \/>\nLenu\u0163a Cadi\u015f<br \/>\nDelia-Ionela\u00a0 Ciolea<br \/>\nLavinia-Adriana Cocian<br \/>\nAlexandra-Maria Coci\u015f<br \/>\n\u015etefana-Lavinia Petru\u0163a<br \/>\nTarcisiu Cristian Ghi\u015fa<br \/>\nCodruta-Irina Gujan<br \/>\nM\u0103dalina-Nastasia Hatos<br \/>\nAlexandru Ivanciuc<br \/>\nNicoleta-Simina Negriu<br \/>\nVasilica-Georgiana Panainte<br \/>\nAndreea-Ioana Pop<br \/>\nRoxana Andreea Pop<br \/>\nCosmina Pl\u0103ian<br \/>\nAlexandra Anamaria Rad<br \/>\nLoredana-Anamaria Soroiu<br \/>\nDelia-Cristina Stana - execut\u0103ri penale<br \/>\nMirela Stingaci<br \/>\nApollonia-Maria Traiszta<br \/>\nOana-Alexandrina Ungurean<\/p>\n<\/div>\n<\/div><\/div><\/div><div id=\"panel-1082-1-2-1\" class=\"so-panel widget widget_sow-editor panel-last-child\" data-index=\"7\" ><div class=\"panel-widget-style panel-widget-style-for-1082-1-2-1\" ><div\n\t\t\t\n\t\t\tclass=\"so-widget-sow-editor so-widget-sow-editor-base\"\n\t\t\t\n\t\t>\n<div class=\"siteorigin-widget-tinymce textwidget\">\n\t<p style=\"text-align: center;\"><span style=\"color: #993300;\"><strong>Alte compartimente<\/strong><\/span><\/p>\n<p><span style=\"color: #000000;\"><strong>Grefier documentarist<\/strong><\/span><br \/>\nSmaranda-Miruna Ielcean<\/p>\n<p><span style=\"color: #000000;\"><strong>Grefier statistician<\/strong><\/span><br \/>\nMirela-Loredana Tar\u0163a<\/p>\n<p><span style=\"color: #000000;\"><strong>Grefieri atribu\u0163ii secretariat<\/strong><\/span><br \/>\nDaciana-Pompilia Husti<br \/>\nNarcisa Micu<\/p>\n<p><span style=\"color: #000000;\"><strong>Grefieri tehnoredactare<\/strong><\/span><br \/>\nDorina Buzdugan<br \/>\nCamelia-Elisabeta C\u0103\u0163\u0103na\u015f<br \/>\nAna Chi\u015f<br \/>\nLivia Coman<br \/>\nAnca-Ioana Dumitra\u015fcu<br \/>\nKristine-Gabriela Ungur<br \/>\nCarmen-Mihaela Gabor<br \/>\nSanda-Daciana G\u0103d\u0103lean<br \/>\nAndrada-Denisa Moldovan<br \/>\nValeria Rusu<br \/>\nMaria Silaghi<br \/>\nMaria-Dorina Stoica<\/p>\n<\/div>\n<\/div><\/div><\/div><\/div><div id=\"pgc-1082-1-3\"  class=\"panel-grid-cell\" ><div id=\"panel-1082-1-3-0\" class=\"so-panel widget widget_sow-editor panel-first-child panel-last-child\" data-index=\"8\" ><div class=\"panel-widget-style panel-widget-style-for-1082-1-3-0\" ><div\n\t\t\t\n\t\t\tclass=\"so-widget-sow-editor so-widget-sow-editor-base\"\n\t\t\t\n\t\t>\n<div class=\"siteorigin-widget-tinymce textwidget\">\n\t<p style=\"text-align: center;\"><span style=\"color: #993300;\"><strong>Alte compartimente<\/strong><\/span><\/p>\n<p><span style=\"color: #000000;\"><strong>Arhiva \u015fi Registratura: <\/strong><\/span><br \/>\nAdrian-Eugen Blaga<br \/>\nAnamaria-Gabriela Cioban<br \/>\nLoredana Ciomag\u0103<br \/>\nAna-Camelia Felecan<br \/>\nMariana P\u00e2rvulescu - grefier arhivar \u015fef<br \/>\nPopa-Hortensa Henerita<br \/>\nAna-Aurelia Horvat<br \/>\nLucia-Marinela V\u00e2tc\u0103<br \/>\nJacinta-Kinga Pasztor<\/p>\n<p><span style=\"color: #000000;\"><strong>Agen\u0163i procedurali \u015fi aprozi<br \/>\n<\/strong><\/span>Maria-Magdalena Albert<br \/>\nKrisztina Gal<br \/>\nMariana-Niculina Giurgiu<br \/>\nAna Mure\u015fan<br \/>\nEmanuel-Cosmin Pandele<br \/>\nLidia \u015eerban<br \/>\nDaniel Valer Tru\u021b\u0103<\/p>\n<p><span style=\"color: #000000;\"><strong>Compartimentul economico-financiar \u015fi administrativ<\/strong><\/span><br \/>\nNicoleta-Cristina Gavriliu - manager economic<br \/>\nAnca-Gabriela Budu\u015fan<br \/>\nHora\u0163iu-Raul Chi\u015f - inginer constructor<br \/>\nMihaela-Adriana Dumitrescu<br \/>\nMaria Mari\u015f<br \/>\nBogdan-Horea Medrea<br \/>\nLiviu-Cornel Muntean<br \/>\nAurelia-Mariana Petri\u015for<\/p>\n<p><span style=\"color: #000000;\"><strong>Biroul personal<\/strong><\/span><br \/>\nOana-Andreea Pop<br \/>\nNicoleta-Cristina Gavriliu<\/p>\n<p><span style=\"color: #000000;\"><strong>Biroul juridic<\/strong><\/span><br \/>\nDan-Marius Mora - jurist<\/p>\n<p><span style=\"color: #000000;\"><strong>Compartimentul Informatic\u0103<\/strong><\/span><br \/>\nNicolae Guzu<br \/>\nZincu\u0163a Maniu<br \/>\nLucian-Paul Rotaru<br \/>\nDan Rusu - specialist IT \u0219ef<\/p>\n<p><span style=\"color: #000000;\"><strong>Biroul informare \u015fi rela\u0163ii publice<\/strong><\/span><br \/>\nAdrian D\u0103nil\u0103<\/p>\n<p><span style=\"color: #000000;\"><strong>Psiholog<\/strong><\/span><br \/>\nGeorge-Lauren\u0163iu Visu<\/p>\n<p><span style=\"color: #000000;\"><strong>Muncitori \u00eentre\u0163inere \u015fi \u00eengrijitori<\/strong><\/span><br \/>\nMaria Chereche\u015f<br \/>\nColdea Dorel<br \/>\nPavel P\u00eervulescu<\/p>\n<p><span style=\"color: #000000;\"><strong>\u015eoferi<\/strong><\/span><br \/>\nFelecan Ioan<br \/>\nVoicu Goia<\/p>\n<\/div>\n<\/div><\/div><\/div><\/div><\/div><\/div><\/div>","protected":false},"excerpt":{"rendered":"<p>Organizare Pre\u015fedinte instan\u0163\u0103: Dana-Cristina G\u00eerbovan Vicepre\u015fedinte: Delia-Ana Marusciac Vicepre\u015fedinte: Mih\u0103i\u0163\u0103-Lucian Marian Colegiul de conducere format din: Dana-Cristina G\u00eerbovan &#8211; pre\u015fedintele colegiului de conducere Delia-Ana Marusciac &#8211; judec\u0103tor Mih\u0103i\u0163\u0103-Lucian Marian &#8211; judec\u0103tor Sergiu-C\u0103t\u0103lin Bobo\u015f &#8211; judec\u0103tor Mihaela S\u0103r\u0103cu\u021b &#8211; judec\u0103tor Anamaria-Gabriela Vida-Simiti &#8211; judec\u0103tor Ioana-Rozalia Borza &#8211; judec\u0103tor Paula-Andrada Co\u0163ovanu &#8211; judec\u0103tor Radu-Rare\u0219 Du\u0219a &#8211; judec\u0103tor [&hellip;]<\/p>\n","protected":false},"author":1,"featured_media":0,"parent":2462,"menu_order":0,"comment_status":"closed","ping_status":"closed","template":"","meta":{"footnotes":""},"class_list":["post-1082","page","type-page","status-publish","hentry","post"],"_links":{"self":[{"href":"https:\/\/www.curteadeapelcluj.ro\/index.php\/wp-json\/wp\/v2\/pages\/1082","targetHints":{"allow":["GET"]}}],"collection":[{"href":"https:\/\/www.curteadeapelcluj.ro\/index.php\/wp-json\/wp\/v2\/pages"}],"about":[{"href":"https:\/\/www.curteadeapelcluj.ro\/index.php\/wp-json\/wp\/v2\/types\/page"}],"author":[{"embeddable":true,"href":"https:\/\/www.curteadeapelcluj.ro\/index.php\/wp-json\/wp\/v2\/users\/1"}],"replies":[{"embeddable":true,"href":"https:\/\/www.curteadeapelcluj.ro\/index.php\/wp-json\/wp\/v2\/comments?post=1082"}],"version-history":[{"count":247,"href":"https:\/\/www.curteadeapelcluj.ro\/index.php\/wp-json\/wp\/v2\/pages\/1082\/revisions"}],"predecessor-version":[{"id":4950,"href":"https:\/\/www.curteadeapelcluj.ro\/index.php\/wp-json\/wp\/v2\/pages\/1082\/revisions\/4950"}],"up":[{"embeddable":true,"href":"https:\/\/www.curteadeapelcluj.ro\/index.php\/wp-json\/wp\/v2\/pages\/2462"}],"wp:attachment":[{"href":"https:\/\/www.curteadeapelcluj.ro\/index.php\/wp-json\/wp\/v2\/media?parent=1082"}],"curies":[{"name":"wp","href":"https:\/\/api.w.org\/{rel}","templated":true}]}}