{"id":1822,"date":"2019-08-05T10:36:55","date_gmt":"2019-08-05T07:36:55","guid":{"rendered":"http:\/\/10.15.51.60\/cacj\/?page_id=1822"},"modified":"2023-02-07T08:51:48","modified_gmt":"2023-02-07T06:51:48","slug":"hotarari-de-colegiu","status":"publish","type":"page","link":"https:\/\/www.curteadeapelcluj.ro\/index.php\/informatii-publice\/hotarari-de-colegiu.html","title":{"rendered":"Hot\u0103r\u00e2ri de colegiu"},"content":{"rendered":"<div id=\"pl-1822\"  class=\"panel-layout\" ><div id=\"pg-1822-0\"  class=\"panel-grid panel-has-style\" ><div class=\"siteorigin-panels-stretch panel-row-style panel-row-style-for-1822-0\" data-stretch-type=\"full\" ><div id=\"pgc-1822-0-0\"  class=\"panel-grid-cell\" ><div id=\"panel-1822-0-0-0\" class=\"so-panel widget widget_sow-editor panel-first-child\" data-index=\"0\" ><div class=\"panel-widget-style panel-widget-style-for-1822-0-0-0\" ><div\n\t\t\t\n\t\t\tclass=\"so-widget-sow-editor so-widget-sow-editor-base\"\n\t\t\t\n\t\t>\n<div class=\"siteorigin-widget-tinymce textwidget\">\n\t<p style=\"text-align: left;\"><span style=\"font-size: 20px; color: #000000; font-family: arial, helvetica, sans-serif;\">Hot\u0103r\u00e2ri de colegiu<br \/>\n<img loading=\"lazy\" decoding=\"async\" class=\"alignleft wp-image-2601 size-full\" src=\"https:\/\/www.curteadeapelcluj.ro\/wp-content\/uploads\/2019\/10\/linie-subtitlu1200x1.png\" alt=\"\" width=\"800\" height=\"1\" srcset=\"https:\/\/www.curteadeapelcluj.ro\/wp-content\/uploads\/2019\/10\/linie-subtitlu1200x1.png 1200w, https:\/\/www.curteadeapelcluj.ro\/wp-content\/uploads\/2019\/10\/linie-subtitlu1200x1-150x1.png 150w, https:\/\/www.curteadeapelcluj.ro\/wp-content\/uploads\/2019\/10\/linie-subtitlu1200x1-300x1.png 300w, https:\/\/www.curteadeapelcluj.ro\/wp-content\/uploads\/2019\/10\/linie-subtitlu1200x1-768x1.png 768w, https:\/\/www.curteadeapelcluj.ro\/wp-content\/uploads\/2019\/10\/linie-subtitlu1200x1-1024x1.png 1024w, https:\/\/www.curteadeapelcluj.ro\/wp-content\/uploads\/2019\/10\/linie-subtitlu1200x1-720x1.png 720w, https:\/\/www.curteadeapelcluj.ro\/wp-content\/uploads\/2019\/10\/linie-subtitlu1200x1-1080x1.png 1080w, https:\/\/www.curteadeapelcluj.ro\/wp-content\/uploads\/2019\/10\/linie-subtitlu1200x1-960x1.png 960w, https:\/\/www.curteadeapelcluj.ro\/wp-content\/uploads\/2019\/10\/linie-subtitlu1200x1-272x1.png 272w, https:\/\/www.curteadeapelcluj.ro\/wp-content\/uploads\/2019\/10\/linie-subtitlu1200x1-436x1.png 436w\" sizes=\"auto, (max-width: 800px) 100vw, 800px\" \/><br \/>\n<\/span><\/p>\n<\/div>\n<\/div><\/div><\/div><div id=\"panel-1822-0-0-1\" class=\"so-panel widget widget_sow-editor\" data-index=\"1\" ><div class=\"panel-widget-style panel-widget-style-for-1822-0-0-1\" ><div\n\t\t\t\n\t\t\tclass=\"so-widget-sow-editor so-widget-sow-editor-base\"\n\t\t\t\n\t\t>\n<div class=\"siteorigin-widget-tinymce textwidget\">\n\t<p><span style=\"font-size: 14px;\">\u00a0\u00a0\u00a0\u00a0\u00a0\u00a0\u00a0\u00a0 Potrivit\u00a0 dispozi\u0163iilor art. 19 alin. 3 din Regulamentul de ordine interioar\u0103 a instan\u0163elor judec\u0103tore\u015fti aprobat prin Hot\u0103r\u00e2rea nr. 1.375 din 17 decembrie 2015 elaborat\u0103 de Consiliul Superior al Magistraturii, sunt publicate pe site-ul instan\u0163ei extrase din hot\u0103r\u00e2rile de colegiu care vizeaz\u0103 completele de judecat\u0103 \u015fi planific\u0103rile de permanen\u0163\u0103.<\/span><\/p>\n<\/div>\n<\/div><\/div><\/div><div id=\"panel-1822-0-0-2\" class=\"so-panel widget widget_xyz_insert_php_widget panel-last-child\" data-index=\"2\" ><script type=\"text\/javascript\" >\r\njQuery(document).ready(function($){\r\n\tjQuery( '#container-hotarari-de-colegiu' ).html( '<ul class=\"filetree start\"><li class=\"wait\">' + 'Generating Tree...' + '<li><\/ul>' );\r\n\t\r\n\tgetfilelist( $('#container-hotarari-de-colegiu') , 'documente\/informatii_publice\/hotarari-de-colegiu' );\r\n\t\r\n\tfunction getfilelist( cont, root ) {\r\n\t\r\n\t\tjQuery( cont ).addClass( 'wait' );\r\n\t\t\r\n\t\tjQuery.post( 'https:\/\/www.curteadeapelcluj.ro\/Foldertree_hotarari_colegiu.php', { dir: root, baza_link:'https:\/\/www.curteadeapelcluj.ro'  }, function( data ) {\r\n\t\r\n\t\t\tjQuery( cont ).find( '.start' ).html( '' );\r\n\t\t\tjQuery( cont ).removeClass( 'wait' ).append( data );\r\n\t\t\tif( 'Sample' == root ) \r\n\t\t\t\t$( cont ).find('UL:hidden').show();\r\n\t\t\telse \r\n\t\t\t\t$( cont ).find('UL:hidden').slideDown({ duration: 500, easing: null });\r\n\t\t\t\r\n\t\t});\r\n\t}\r\n\t\r\n\tjQuery( '#container-hotarari-de-colegiu' ).on('click', 'LI A', function() {\r\n\t\tvar entry = $(this).parent();\r\n\t\t\r\n\t\tif( entry.hasClass('folder') ) {\r\n\t\t\tif( entry.hasClass('collapsed') ) {\r\n\t\t\t\t\t\t\r\n\t\t\t\tentry.find('UL').remove();\r\n\t\t\t\tgetfilelist( entry, escape( $(this).attr('rel') ));\r\n\t\t\t\tentry.removeClass('collapsed').addClass('expanded');\r\n\t\t\t}\r\n\t\t\telse {\r\n\t\t\t\t\r\n\t\t\t\tentry.find('UL').slideUp({ duration: 500, easing: null });\r\n\t\t\t\tentry.removeClass('expanded').addClass('collapsed');\r\n\t\t\t}\r\n\t\t} else {\r\n\t\t\tvar url = $(this).attr('href'); \r\n\t\t\twindow.open(url, '_blank');\r\n\t\t\t\/\/$( '#selected_file' ).text( \"File:  \" + $(this).attr( 'rel' ));\r\n\t\t}\r\n\treturn false;\r\n\t});\r\n\t\r\n\t\r\n});\r\n<\/script>\r\n\r\n<div id=\"container-hotarari-de-colegiu\"> <\/div>\r\n<!--<div id=\"selected_file\"><\/div>!-->\r\n\r\n<\/div><\/div><\/div><\/div><\/div>","protected":false},"excerpt":{"rendered":"<p>Hot\u0103r\u00e2ri de colegiu \u00a0\u00a0\u00a0\u00a0\u00a0\u00a0\u00a0\u00a0 Potrivit\u00a0 dispozi\u0163iilor art. 19 alin. 3 din Regulamentul de ordine interioar\u0103 a instan\u0163elor judec\u0103tore\u015fti aprobat prin Hot\u0103r\u00e2rea nr. 1.375 din 17 decembrie 2015 elaborat\u0103 de Consiliul Superior al Magistraturii, sunt publicate pe site-ul instan\u0163ei extrase din hot\u0103r\u00e2rile de colegiu care vizeaz\u0103 completele de judecat\u0103 \u015fi planific\u0103rile de permanen\u0163\u0103.<\/p>\n","protected":false},"author":1,"featured_media":0,"parent":2478,"menu_order":0,"comment_status":"closed","ping_status":"closed","template":"","meta":{"footnotes":""},"class_list":["post-1822","page","type-page","status-publish","hentry","post"],"_links":{"self":[{"href":"https:\/\/www.curteadeapelcluj.ro\/index.php\/wp-json\/wp\/v2\/pages\/1822","targetHints":{"allow":["GET"]}}],"collection":[{"href":"https:\/\/www.curteadeapelcluj.ro\/index.php\/wp-json\/wp\/v2\/pages"}],"about":[{"href":"https:\/\/www.curteadeapelcluj.ro\/index.php\/wp-json\/wp\/v2\/types\/page"}],"author":[{"embeddable":true,"href":"https:\/\/www.curteadeapelcluj.ro\/index.php\/wp-json\/wp\/v2\/users\/1"}],"replies":[{"embeddable":true,"href":"https:\/\/www.curteadeapelcluj.ro\/index.php\/wp-json\/wp\/v2\/comments?post=1822"}],"version-history":[{"count":14,"href":"https:\/\/www.curteadeapelcluj.ro\/index.php\/wp-json\/wp\/v2\/pages\/1822\/revisions"}],"predecessor-version":[{"id":4517,"href":"https:\/\/www.curteadeapelcluj.ro\/index.php\/wp-json\/wp\/v2\/pages\/1822\/revisions\/4517"}],"up":[{"embeddable":true,"href":"https:\/\/www.curteadeapelcluj.ro\/index.php\/wp-json\/wp\/v2\/pages\/2478"}],"wp:attachment":[{"href":"https:\/\/www.curteadeapelcluj.ro\/index.php\/wp-json\/wp\/v2\/media?parent=1822"}],"curies":[{"name":"wp","href":"https:\/\/api.w.org\/{rel}","templated":true}]}}