{"id":2217,"date":"2019-10-16T12:30:16","date_gmt":"2019-10-16T09:30:16","guid":{"rendered":"http:\/\/10.15.51.60\/cacj\/?page_id=2217"},"modified":"2022-10-05T12:58:41","modified_gmt":"2022-10-05T09:58:41","slug":"info-dosar","status":"publish","type":"page","link":"https:\/\/www.curteadeapelcluj.ro\/index.php\/dosare\/info-dosar.html","title":{"rendered":"Info Dosar"},"content":{"rendered":"<div id=\"pl-2217\"  class=\"panel-layout\" ><div id=\"pg-2217-0\"  class=\"panel-grid panel-has-style\" ><div class=\"siteorigin-panels-stretch panel-row-style panel-row-style-for-2217-0\" data-stretch-type=\"full\" ><div id=\"pgc-2217-0-0\"  class=\"panel-grid-cell\" ><div id=\"panel-2217-0-0-0\" class=\"so-panel widget widget_sow-editor panel-first-child\" data-index=\"0\" ><div class=\"panel-widget-style panel-widget-style-for-2217-0-0-0\" ><div\n\t\t\t\n\t\t\tclass=\"so-widget-sow-editor so-widget-sow-editor-base\"\n\t\t\t\n\t\t>\n<div class=\"siteorigin-widget-tinymce textwidget\">\n\t<p><span style=\"font-family: arial, helvetica, sans-serif; font-size: 14px;\"><span style=\"color: #000000; font-size: 20px;\">Info Dosar<\/span><img loading=\"lazy\" decoding=\"async\" class=\"alignleft wp-image-2601 size-full\" src=\"https:\/\/www.curteadeapelcluj.ro\/wp-content\/uploads\/2019\/10\/linie-subtitlu1200x1.png\" alt=\"\" width=\"1200\" height=\"1\" srcset=\"https:\/\/www.curteadeapelcluj.ro\/wp-content\/uploads\/2019\/10\/linie-subtitlu1200x1.png 1200w, https:\/\/www.curteadeapelcluj.ro\/wp-content\/uploads\/2019\/10\/linie-subtitlu1200x1-150x1.png 150w, https:\/\/www.curteadeapelcluj.ro\/wp-content\/uploads\/2019\/10\/linie-subtitlu1200x1-300x1.png 300w, https:\/\/www.curteadeapelcluj.ro\/wp-content\/uploads\/2019\/10\/linie-subtitlu1200x1-768x1.png 768w, https:\/\/www.curteadeapelcluj.ro\/wp-content\/uploads\/2019\/10\/linie-subtitlu1200x1-1024x1.png 1024w, https:\/\/www.curteadeapelcluj.ro\/wp-content\/uploads\/2019\/10\/linie-subtitlu1200x1-720x1.png 720w, https:\/\/www.curteadeapelcluj.ro\/wp-content\/uploads\/2019\/10\/linie-subtitlu1200x1-1080x1.png 1080w, https:\/\/www.curteadeapelcluj.ro\/wp-content\/uploads\/2019\/10\/linie-subtitlu1200x1-960x1.png 960w, https:\/\/www.curteadeapelcluj.ro\/wp-content\/uploads\/2019\/10\/linie-subtitlu1200x1-272x1.png 272w, https:\/\/www.curteadeapelcluj.ro\/wp-content\/uploads\/2019\/10\/linie-subtitlu1200x1-436x1.png 436w\" sizes=\"auto, (max-width: 1200px) 100vw, 1200px\" \/><\/span><\/p>\n<div style=\"text-indent: 30px; text-align: justify; margin-bottom: 8px;\"><span class=\"style40\" style=\"font-size: 14px; font-family: arial, helvetica, sans-serif;\">Dup\u0103 introducerea num\u0103rului de dosar ap\u0103sa\u021bi butonul c\u0103utare. \u00cen partea de jos o s\u0103 ave\u021bi o selec\u021bie a dosarelor cu num\u0103rul introdus de la toate instan\u021bele din raza Cur\u021bii de Apel Cluj pe unde a fost \u00eenregistrat dosarul. La o c\u0103utare cu un num\u0103r de dosar normal (ex. 123\/211\/2009) vor fi afi\u015fate \u015fi dosarele versionate (cele cu stelu\u021b\u0103, ex. 123\/211\/2009*) \u015fi dosarele asociate (cele care con\u021bin litera a, ex. 123\/211\/2009\/a1). Alege\u021bi dosarul de la ce instan\u021b\u0103 dori\u021bi \u015fi se vor afi\u015fa informa\u021bii generale despre dosar (data \u00eenregistr\u0103rii \u00een instan\u021b\u0103, obiectul dosarului \u015fi stadiul procesual) \u015fi informa\u021bii despre termenele de la dosar (data termen, solu\u021bie \u015fi detalii solu\u021bie).<\/span><\/div>\n<div style=\"text-indent: 30px;\"><span class=\"style40\" style=\"font-family: arial, helvetica, sans-serif; font-size: 14px;\">Pentru \u00eentreb\u0103ri, observa\u0163ii \u015fi sugestii pute\u0163i trimite un e-mail la adresa web.cacj@just.ro. V\u0103<span class=\"style40\"> rug\u0103m s\u0103 <strong>nu<\/strong> folosi\u0163i aceasta adres\u0103 de e-mail<strong> pentru a depune documente la dosar<\/strong>. Documentele se trimit pe adresa e-mail a registraturii instan\u0163ei unde se afl\u0103 dosarul.<\/span><br \/>\n<\/span><\/div>\n<div style=\"text-indent: 30px;\"><span style=\"color: #333333; font-size: 14px; font-family: arial, helvetica, sans-serif;\"><b><i>Aceast\u0103 aplica\u021bie a fost creat\u0103 de Curtea de Apel Cluj \u015fi implementat\u0103 din data de 17.03.2013.<\/i><\/b><\/span><\/div>\n<\/div>\n<\/div><\/div><\/div><div id=\"panel-2217-0-0-1\" class=\"so-panel widget widget_sow-editor panel-last-child\" data-index=\"1\" ><div class=\"panel-widget-style panel-widget-style-for-2217-0-0-1\" ><div\n\t\t\t\n\t\t\tclass=\"so-widget-sow-editor so-widget-sow-editor-base\"\n\t\t\t\n\t\t>\n<div class=\"siteorigin-widget-tinymce textwidget\">\n\t<p><iframe loading=\"lazy\" src=\"https:\/\/www.curteadeapelcluj.ro\/InfoCentrulCurtiiDeApel\/UPD_Dosare_ecris.aspx\" width=\"1100px\" height=\"1000px\" align=\"middle\"><\/iframe><\/p>\n<\/div>\n<\/div><\/div><\/div><\/div><\/div><\/div><\/div>","protected":false},"excerpt":{"rendered":"<p>Info Dosar Dup\u0103 introducerea num\u0103rului de dosar ap\u0103sa\u021bi butonul c\u0103utare. \u00cen partea de jos o s\u0103 ave\u021bi o selec\u021bie a dosarelor cu num\u0103rul introdus de la toate instan\u021bele din raza Cur\u021bii de Apel Cluj pe unde a fost \u00eenregistrat dosarul. La o c\u0103utare cu un num\u0103r de dosar normal (ex. 123\/211\/2009) vor fi afi\u015fate \u015fi [&hellip;]<\/p>\n","protected":false},"author":1,"featured_media":0,"parent":212,"menu_order":0,"comment_status":"closed","ping_status":"closed","template":"","meta":{"footnotes":""},"class_list":["post-2217","page","type-page","status-publish","hentry","post"],"_links":{"self":[{"href":"https:\/\/www.curteadeapelcluj.ro\/index.php\/wp-json\/wp\/v2\/pages\/2217","targetHints":{"allow":["GET"]}}],"collection":[{"href":"https:\/\/www.curteadeapelcluj.ro\/index.php\/wp-json\/wp\/v2\/pages"}],"about":[{"href":"https:\/\/www.curteadeapelcluj.ro\/index.php\/wp-json\/wp\/v2\/types\/page"}],"author":[{"embeddable":true,"href":"https:\/\/www.curteadeapelcluj.ro\/index.php\/wp-json\/wp\/v2\/users\/1"}],"replies":[{"embeddable":true,"href":"https:\/\/www.curteadeapelcluj.ro\/index.php\/wp-json\/wp\/v2\/comments?post=2217"}],"version-history":[{"count":70,"href":"https:\/\/www.curteadeapelcluj.ro\/index.php\/wp-json\/wp\/v2\/pages\/2217\/revisions"}],"predecessor-version":[{"id":4412,"href":"https:\/\/www.curteadeapelcluj.ro\/index.php\/wp-json\/wp\/v2\/pages\/2217\/revisions\/4412"}],"up":[{"embeddable":true,"href":"https:\/\/www.curteadeapelcluj.ro\/index.php\/wp-json\/wp\/v2\/pages\/212"}],"wp:attachment":[{"href":"https:\/\/www.curteadeapelcluj.ro\/index.php\/wp-json\/wp\/v2\/media?parent=2217"}],"curies":[{"name":"wp","href":"https:\/\/api.w.org\/{rel}","templated":true}]}}