{"id":345,"date":"2019-06-05T13:01:21","date_gmt":"2019-06-05T13:01:21","guid":{"rendered":"http:\/\/10.15.51.60\/cacj\/?page_id=345"},"modified":"2026-02-19T11:25:43","modified_gmt":"2026-02-19T09:25:43","slug":"informatii-de-interes-public","status":"publish","type":"page","link":"https:\/\/www.curteadeapelcluj.ro\/index.php\/informatii-publice\/informatii-de-interes-public.html","title":{"rendered":"Informa\u0163ii de interes public"},"content":{"rendered":"<div id=\"pl-345\"  class=\"panel-layout\" ><div id=\"pg-345-0\"  class=\"panel-grid panel-has-style\" ><div class=\"siteorigin-panels-stretch panel-row-style panel-row-style-for-345-0\" data-stretch-type=\"full\" ><div id=\"pgc-345-0-0\"  class=\"panel-grid-cell\" ><div id=\"panel-345-0-0-0\" class=\"so-panel widget widget_sow-editor panel-first-child panel-last-child\" data-index=\"0\" ><div class=\"panel-widget-style panel-widget-style-for-345-0-0-0\" ><div\n\t\t\t\n\t\t\tclass=\"so-widget-sow-editor so-widget-sow-editor-base\"\n\t\t\t\n\t\t>\n<div class=\"siteorigin-widget-tinymce textwidget\">\n\t<p><span style=\"color: #000000; font-family: arial, helvetica, sans-serif; font-size: 20px;\">Informa\u0163ii de interes public<\/span><img loading=\"lazy\" decoding=\"async\" class=\"alignleft wp-image-2601 size-full\" src=\"https:\/\/www.curteadeapelcluj.ro\/wp-content\/uploads\/2019\/10\/linie-subtitlu1200x1.png\" alt=\"\" width=\"1200\" height=\"1\" srcset=\"https:\/\/www.curteadeapelcluj.ro\/wp-content\/uploads\/2019\/10\/linie-subtitlu1200x1.png 1200w, https:\/\/www.curteadeapelcluj.ro\/wp-content\/uploads\/2019\/10\/linie-subtitlu1200x1-150x1.png 150w, https:\/\/www.curteadeapelcluj.ro\/wp-content\/uploads\/2019\/10\/linie-subtitlu1200x1-300x1.png 300w, https:\/\/www.curteadeapelcluj.ro\/wp-content\/uploads\/2019\/10\/linie-subtitlu1200x1-768x1.png 768w, https:\/\/www.curteadeapelcluj.ro\/wp-content\/uploads\/2019\/10\/linie-subtitlu1200x1-1024x1.png 1024w, https:\/\/www.curteadeapelcluj.ro\/wp-content\/uploads\/2019\/10\/linie-subtitlu1200x1-720x1.png 720w, https:\/\/www.curteadeapelcluj.ro\/wp-content\/uploads\/2019\/10\/linie-subtitlu1200x1-1080x1.png 1080w, https:\/\/www.curteadeapelcluj.ro\/wp-content\/uploads\/2019\/10\/linie-subtitlu1200x1-960x1.png 960w, https:\/\/www.curteadeapelcluj.ro\/wp-content\/uploads\/2019\/10\/linie-subtitlu1200x1-272x1.png 272w, https:\/\/www.curteadeapelcluj.ro\/wp-content\/uploads\/2019\/10\/linie-subtitlu1200x1-436x1.png 436w\" sizes=\"auto, (max-width: 1200px) 100vw, 1200px\" \/><\/p>\n<\/div>\n<\/div><\/div><\/div><\/div><\/div><\/div><div id=\"pg-345-1\"  class=\"panel-grid panel-has-style\" ><div class=\"siteorigin-panels-stretch panel-row-style panel-row-style-for-345-1\" data-stretch-type=\"full\" ><div id=\"pgc-345-1-0\"  class=\"panel-grid-cell\" ><div id=\"panel-345-1-0-0\" class=\"so-panel widget widget_sow-editor panel-first-child panel-last-child\" data-index=\"1\" ><div class=\"panel-widget-style panel-widget-style-for-345-1-0-0\" ><div\n\t\t\t\n\t\t\tclass=\"so-widget-sow-editor so-widget-sow-editor-base\"\n\t\t\t\n\t\t>\n<div class=\"siteorigin-widget-tinymce textwidget\">\n\t<p class=\"custom-indent\" style=\"text-align: justify; font-size: 14px;\">Orice persoan\u0103 poate solicita informa\u0163ii de interes public unei institu\u0163ii sau autorit\u0103\u0163i publice, \u00een condi\u0163iile Legii nr. 544\/2001 privind liberul acces la informa\u0163iile de interes public. Cererea scris\u0103 trebuie s\u0103 cuprind\u0103:<\/p>\n<p style=\"text-align: justify; font-size: 14px;\">- autoritatea sau institu\u0163ia public\u0103 c\u0103reia \u00eei este adresat\u0103 cererea (Curtea de Apel Cluj);<br \/>\n- informa\u0163ia solicitat\u0103, astfel \u00eenc\u00e2t s\u0103 permit\u0103 Cur\u0163ii de Apel identificarea informa\u0163iei de interes public;<br \/>\n- numele, prenumele \u015fi semn\u0103tura solicitantului, precum \u015fi adresa la care se solicit\u0103 primirea r\u0103spunsului.<\/p>\n<p class=\"custom-indent\" style=\"text-align: justify; font-size: 14px;\">Formularele tipizate pentru o astfel de cerere \u015fi pentru reclama\u0163ia administrativ\u0103 se g\u0103sesc la Biroul de informare \u015fi rela\u0163ii publice (parter, camera 92) sau se pot desc\u0103rca acces\u00e2nd link-urile de mai jos.<\/p>\n<p><a style=\"text-decoration: none; font-size: 14px;\" href=\"\/wp-content\/uploads\/2019\/08\/Cerere-tip.pdf\" target=\"_blank\" rel=\"noopener\">Cerere tip<\/a> - de informa\u0163ii \u00een baza Legii nr. 544\/2001<br \/>\n<a style=\"text-decoration: none; font-size: 14px;\" href=\"\/wp-content\/uploads\/2019\/08\/Reclamatie-administrativa-1.pdf\" target=\"_blank\" rel=\"noopener\">Reclamatie administrativa 1<\/a> - Contesta\u0163i un r\u0103spuns negativ<br \/>\n<a style=\"text-decoration: none; font-size: 14px;\" href=\"\/wp-content\/uploads\/2019\/08\/Reclamatie-administrativa-2.pdf\" target=\"_blank\" rel=\"noopener\">Reclamatie administrativa 2<\/a> - Contesta\u0163i un r\u0103spuns negativ<br \/>\n<a style=\"text-decoration: none; font-size: 14px;\" href=\"\/wp-content\/uploads\/2019\/08\/Formulare-tipizate-pentru-jurnalisti.doc\" target=\"_blank\" rel=\"noopener\">Formulare tipizate pentru jurnalisti<\/a><\/p>\n<p class=\"custom-indent\" style=\"text-align: justify; font-size: 14px;\">Preciz\u0103m c\u0103 dispozi\u0163iile art. 941 din Regulamentului de ordine interioar\u0103 al instan\u021belor judec\u0103tore\u0219ti, aprobat prin Hot\u0103r\u00e2rea Sec\u021biei pentru judec\u0103tori a CSM nr. 3243\/2022, se aplic\u0103 inclusiv solicit\u0103rilor formulate in baza Legii nr. 544\/2001 privind liberul acces la informa\u021biile de interes public:<br \/>\n- Cererile adresate instan\u021bei, precum \u0219i \u00eenscrisurile \u00eenso\u021bitoare, transmise prin po\u0219t\u0103 electronic\u0103, SE TRIMIT EXCLUSIV \u00ceN FORMAT PDF.<br \/>\n- Nu se accept\u0103 transmiterea ata\u0219amentelor \u00een alte formate \u0219i nici link-uri c\u0103tre platforme de stocare \u0219i partajare a fi\u0219ierelor (de tip: Google Drive, Dropbox, Microsoft OneDrive, etc.), cu excep\u021bia situa\u021biei \u00een care instan\u021ba solicit\u0103 expres acest lucru.<br \/>\n- \u00cen cazul in care un e-mail adresat instan\u021bei con\u021bine ata\u0219amente \u00een alt format dec\u00e2t PDF sau include link-uri c\u0103tre platforme externe, acesta nu va fi prelucrat,<br \/>\nExpeditorul va fi notificat cu privire la neconformitatea mesajului transmis \u0219i la necesitatea retransmiterii documentelor \u00een formatul acceptat;<\/p>\n<\/div>\n<\/div><\/div><\/div><\/div><\/div><\/div><div id=\"pg-345-2\"  class=\"panel-grid panel-has-style\" ><div class=\"siteorigin-panels-stretch panel-row-style panel-row-style-for-345-2\" data-stretch-type=\"full\" ><div id=\"pgc-345-2-0\"  class=\"panel-grid-cell\" ><div id=\"panel-345-2-0-0\" class=\"so-panel widget widget_sow-editor panel-first-child\" data-index=\"2\" ><div class=\"panel-widget-style panel-widget-style-for-345-2-0-0\" ><div\n\t\t\t\n\t\t\tclass=\"so-widget-sow-editor so-widget-sow-editor-base\"\n\t\t\t\n\t\t>\n<div class=\"siteorigin-widget-tinymce textwidget\">\n\t<p><span style=\"font-size: 14px;\"><strong><span style=\"color: #000000;\">Coordonate de contact<\/span><\/strong><\/span><br \/>\n<span style=\"font-size: 14px;\">\u00a0\u00a0\u00a0\u00a0\u00a0\u00a0\u00a0 Denumnirea institu\u0163iei: Curtea de Apel Cluj<\/span><br \/>\n<span style=\"font-size: 14px;\">\u00a0\u00a0\u00a0\u00a0\u00a0\u00a0\u00a0 Sediul: Pia\u0163a \u015etefan cel Mare, nr. 1, cod po\u015ftal 400133, Cluj-Napoca, jude\u0163ul Cluj<\/span><br \/>\n<span style=\"font-size: 14px;\">\u00a0\u00a0\u00a0\u00a0\u00a0\u00a0\u00a0 Telefon: +40-264.593.865<\/span><br \/>\n<span style=\"font-size: 14px;\">\u00a0\u00a0\u00a0\u00a0\u00a0\u00a0\u00a0 Fax prim grefier: +40-264.593.866<\/span><br \/>\n<span style=\"font-size: 14px;\">\u00a0\u00a0\u00a0\u00a0\u00a0\u00a0\u00a0 Adresa de mail: curtecj@just.ro<\/span><br \/>\n<span style=\"font-size: 14px;\">\u00a0\u00a0\u00a0\u00a0\u00a0\u00a0\u00a0 Pagina de internet: www.curteadeapelcluj.ro; http:\/\/portal.just.ro<\/span><\/p>\n<\/div>\n<\/div><\/div><\/div><div id=\"panel-345-2-0-1\" class=\"so-panel widget widget_sow-editor\" data-index=\"3\" ><div class=\"panel-widget-style panel-widget-style-for-345-2-0-1\" ><div\n\t\t\t\n\t\t\tclass=\"so-widget-sow-editor so-widget-sow-editor-base\"\n\t\t\t\n\t\t>\n<div class=\"siteorigin-widget-tinymce textwidget\">\n\t<p><span style=\"color: #000000; font-size: 14px;\"><strong>Biroul de informare \u015fi rela\u0163ii publice<\/strong><\/span><br \/>\n<span style=\"color: #333333; font-size: 14px;\">\u00a0\u00a0\u00a0\u00a0\u00a0 a. Conduc\u0103tor al Biroului \u015fi purt\u0103tor de cuv\u00e2nt<\/span><br \/>\n<span style=\"color: #333333; font-size: 14px;\">\u00a0 \u00a0 \u00a0 \u00a0 \u00a0\u00a0 Paula-Andrada Co\u0163ovanu, judec\u0103tor<\/span><br \/>\n<span style=\"color: #333333; font-size: 14px;\">\u00a0\u00a0\u00a0\u00a0\u00a0\u00a0\u00a0\u00a0\u00a0\u00a0 E-mail: paula.cotovanu@just.ro<\/span><br \/>\n<span style=\"color: #333333; font-size: 14px;\">\u00a0\u00a0\u00a0\u00a0\u00a0\u00a0\u00a0\u00a0\u00a0\u00a0 Telefon: +40-264.504.300, int. 199<\/span><br \/>\n<span style=\"color: #333333; font-size: 14px;\">\u00a0\u00a0\u00a0\u00a0\u00a0\u00a0\u00a0\u00a0\u00a0\u00a0 Mobil: +40758109999<\/span><br \/>\n<span style=\"color: #333333; font-size: 14px;\">\u00a0\u00a0\u00a0\u00a0 b. Consilier pentru informa\u0163ii publice<\/span><br \/>\n<span style=\"color: #333333; font-size: 14px;\">\u00a0\u00a0\u00a0\u00a0\u00a0\u00a0\u00a0\u00a0 Adrian D\u0103nil\u0103, expert<\/span><br \/>\n<span style=\"color: #333333; font-size: 14px;\">\u00a0\u00a0\u00a0\u00a0\u00a0\u00a0\u00a0\u00a0 E-mail: adrian.danila@just.ro<\/span><br \/>\n<span style=\"color: #333333; font-size: 14px;\">\u00a0\u00a0\u00a0\u00a0\u00a0\u00a0\u00a0\u00a0 Telefon: +40-264.504.308, int. 383<br \/>\n<span style=\"color: #333333; font-size: 14px;\">\u00a0\u00a0\u00a0\u00a0\u00a0\u00a0\u00a0\u00a0 Mobil: +40755081827<\/span><\/span><\/p>\n<p class=\"custom-indent\"><span style=\"color: #333333; font-size: 14px;\">Programul de lucru al Biroului de informare si relatii publice, pentru intervalul de timp mentionat mai sus, coincide cu programul de lucru al instantei, iar \u00een zilele de joi se prelungeste p\u00e2na la ora 17:30.<\/span><\/p>\n<p>&nbsp;<\/p>\n<\/div>\n<\/div><\/div><\/div><div id=\"panel-345-2-0-2\" class=\"so-panel widget widget_sow-editor\" data-index=\"4\" ><div class=\"panel-widget-style panel-widget-style-for-345-2-0-2\" ><div\n\t\t\t\n\t\t\tclass=\"so-widget-sow-editor so-widget-sow-editor-base\"\n\t\t\t\n\t\t>\n<div class=\"siteorigin-widget-tinymce textwidget\">\n\t<p><span style=\"color: #000000; font-size: 14px;\"><strong>Programul de func\u0163ionare<\/strong><\/span><br \/>\n<span style=\"font-size: 14px;\">\u00a0\u00a0\u00a0 a. Programul de lucru al institu\u0163iei: Luni-Vineri 07.30-15.30<\/span><br \/>\n<span style=\"font-size: 14px;\">\u00a0\u00a0\u00a0 b. Programul de lucru cu publicul al Registraturii (parter, camera 49), al Arhivei civile \u015fi comerciale (parter, camera 46) \u015fi al Arhivei penale (parter, camera 50): Luni - Vineri 09-13.<\/span><br \/>\n<span style=\"font-size: 14px;\">\u00a0\u00a0\u00a0 c. Programul de lucru cu publicul al Biroului de informare \u015fi rela\u0163ii publice (parter, camera 92): Luni-Vineri 07:30 \u2013 14:00 ; Joi 07:30 \u2013 17:30<\/span><\/p>\n<\/div>\n<\/div><\/div><\/div><div id=\"panel-345-2-0-3\" class=\"so-panel widget widget_sow-editor\" data-index=\"5\" ><div class=\"panel-widget-style panel-widget-style-for-345-2-0-3\" ><div\n\t\t\t\n\t\t\tclass=\"so-widget-sow-editor so-widget-sow-editor-base\"\n\t\t\t\n\t\t>\n<div class=\"siteorigin-widget-tinymce textwidget\">\n\t<p><span style=\"color: #000000; font-size: 14px;\"><strong>!!!! Programul de func\u0163ionare \u00een perioada vacan\u0163ei judec\u0103tore\u015fti (01 iulie 2025 - 29 august 2025)<\/strong><\/span><br \/>\n<span style=\"font-size: 14px;\">\u00a0 La compartimentele Arhiv\u0103 \u0219i Registratur\u0103, programul de lucru este, \u00een fiecare zi de marti si joi, \u00een intervalul cuprins \u00eentre orele 9:00 \u0219i 11:00.<br \/>\n<\/span><\/p>\n<\/div>\n<\/div><\/div><\/div><div id=\"panel-345-2-0-4\" class=\"so-panel widget widget_sow-editor\" data-index=\"6\" ><div class=\"panel-widget-style panel-widget-style-for-345-2-0-4\" ><div\n\t\t\t\n\t\t\tclass=\"so-widget-sow-editor so-widget-sow-editor-base\"\n\t\t\t\n\t\t>\n<div class=\"siteorigin-widget-tinymce textwidget\">\n\t<p><span style=\"color: #000000; font-size: 14px;\"><strong>Actele normative care reglementeaz\u0103 organizarea \u015fi func\u0163ionarea Cur\u0163ii de Apel Cluj<\/strong><\/span><br \/>\n<span style=\"font-size: 14px;\">\u00a0\u00a0 Legea nr. 303\/2004 privind statutul judec\u0103torilor \u015fi procurorilor;\u00a0 <\/span><br \/>\n<span style=\"font-size: 14px;\">\u00a0\u00a0 Legea nr. 304\/2004 privind organizarea judiciar\u0103;<\/span><br \/>\n<span style=\"font-size: 14px;\">\u00a0\u00a0 Legea nr. 317\/2004 privind Consiliul Superior al Magistraturii, republicat\u0103, cu modific\u0103rile \u0219i complet\u0103rile ulterioare;<\/span><br \/>\n<span style=\"font-size: 14px;\">\u00a0\u00a0 Ordonan\u021ba de urgen\u021b\u0103 nr. 80\/2013 privind taxele judiciare de timbru, cu modific\u0103rile \u015fi complet\u0103rile ulterioare; <\/span><br \/>\n<span style=\"font-size: 14px;\">\u00a0\u00a0 Legea nr. 567\/2004 privind statutul personalului auxiliar de specialitate al instan\u021belor judec\u0103tore\u0219ti \u0219i al parchetelor de pe l\u00e2ng\u0103 acestea \u0219i al personalului care func\u021bioneaz\u0103 \u00een cadrul Institutului Na\u021bional de Expertize Criminalistice, cu modific\u0103rile \u0219i complet\u0103rile ulterioare; <\/span><br \/>\n<span style=\"font-size: 14px;\">\u00a0\u00a0\u00a0 Regulamentul de ordine interioar\u0103 al instan\u0163elor judec\u0103tore\u015fti aprobat prin Hot\u0103r\u00e2rea Consiliului Superior al Magistraturii nr. 1.375\/2015;<\/span><br \/>\n<span style=\"font-size: 14px;\">\u00a0\u00a0\u00a0 Codul deontologic al judec\u0103torilor \u015fi procurorilor;<\/span><br \/>\n<span style=\"font-size: 14px;\">\u00a0\u00a0\u00a0 Codul deontologic al personalului auxiliar de specialitate al instan\u0163elor judec\u0103tore\u015fti \u015fi al parchetelor;<\/span><\/p>\n<\/div>\n<\/div><\/div><\/div><div id=\"panel-345-2-0-5\" class=\"so-panel widget widget_sow-editor\" data-index=\"7\" ><div class=\"panel-widget-style panel-widget-style-for-345-2-0-5\" ><div\n\t\t\t\n\t\t\tclass=\"so-widget-sow-editor so-widget-sow-editor-base\"\n\t\t\t\n\t\t>\n<div class=\"siteorigin-widget-tinymce textwidget\">\n\t<p><span style=\"color: #000000; font-size: 14px;\"><strong>Accesul \u00een sediul instan\u0163ei<\/strong><\/span><br \/>\n<span style=\"font-size: 14px;\">Publicul are acces:<\/span><br \/>\n<span style=\"font-size: 14px;\">- \u00cen incinta instan\u0163ei, \u00een timpul programului de lucru, \u00een locurile permise<\/span><br \/>\n<span style=\"font-size: 14px;\">- \u00cen s\u0103lile de judecat\u0103, cu 30 de minute \u00eenainte de deschiderea \u015fedin\u0163elor de judecat\u0103.<\/span><\/p>\n<p class=\"custom-indent\" style=\"text-align: justify; font-size: 14px;\"><span style=\"font-size: 14px;\">Este interzis accesul altor persoane dec\u00e2t lucr\u0103torii instan\u0163elor \u00een alte birouri \u015fi la alte ore dec\u00e2t cele stabilite, precum \u015fi \u00een incinta instan\u0163ei, dup\u0103 terminarea programului de lucru. Fotografierea, filmarea sau \u00eenregistrarea \u00een sala de \u015fedin\u0163\u0103 se fac numai cu aprobarea pre\u015fedintelui completului.<\/span><\/p>\n<p><a style=\"text-decoration: none; font-size: 14px;\" href=\"\/wp-content\/uploads\/2019\/08\/Conduita-in-instante.pdf\" target=\"_blank\" rel=\"noopener\">Reguli privind conduita \u00een instan\u0163ele judec\u0103tore\u015fti<\/a><br \/>\n<a style=\"text-decoration: none; font-size: 14px;\" href=\"\/documente\/informatii_publice\/reguli-privind-conduita\/Raport an 2025 respectarea normelor de conduit\u0103 functionari publici si contractuali.pdf\" target=\"_blank\" rel=\"noopener\">Raport privind respectarea normelor de conduita aferent anului 2025<\/a><br \/>\n<a style=\"text-decoration: none; font-size: 14px;\" href=\"\/documente\/informatii_publice\/reguli-privind-conduita\/2022-01-31_Raport_CA_Conduita_2021.pdf\" target=\"_blank\" rel=\"noopener\">Raport privind respectarea normelor de conduita aferent anului 2021<\/a><\/p>\n<\/div>\n<\/div><\/div><\/div><div id=\"panel-345-2-0-6\" class=\"so-panel widget widget_sow-editor\" data-index=\"8\" ><div class=\"panel-widget-style panel-widget-style-for-345-2-0-6\" ><div\n\t\t\t\n\t\t\tclass=\"so-widget-sow-editor so-widget-sow-editor-base\"\n\t\t\t\n\t\t>\n<div class=\"siteorigin-widget-tinymce textwidget\">\n\t<p><span style=\"color: #000000; font-size: 14px;\"><strong>Lista documentelor de interes public<br \/>\n<\/strong><\/span><span style=\"font-size: 14px;\">\u00a0\u00a0\u00a0\u00a0\u00a0\u00a0\u00a0 \u00cen principiu, toate documentele produse \u015fi\/sau gestionate de Curtea de Apel sunt de interes public, cu excep\u0163ia registrului de eviden\u0163\u0103 a sesiz\u0103rilor privind confirmarea \u015fi autorizarea intercept\u0103rilor \u015fi \u00eenregistr\u0103rilor pe band\u0103 magnetic\u0103 sau pe orice alt tip de suport, precum \u015fi cu excep\u0163ia acelora care con\u0163in informa\u0163ii exceptate de la liberul acces, cum sunt cele prev\u0103zute de art.12 din Legea nr.544\/2001 privind liberul acces la informa\u0163iile de interes public.<\/span><\/p>\n<\/div>\n<\/div><\/div><\/div><div id=\"panel-345-2-0-7\" class=\"so-panel widget widget_sow-editor\" data-index=\"9\" ><div class=\"panel-widget-style panel-widget-style-for-345-2-0-7\" ><div\n\t\t\t\n\t\t\tclass=\"so-widget-sow-editor so-widget-sow-editor-base\"\n\t\t\t\n\t\t>\n<div class=\"siteorigin-widget-tinymce textwidget\">\n\t<p><span style=\"color: #000000; font-size: 14px;\"><strong>Modalit\u0103\u0163ile de contestare a deciziei Cur\u0163ii de Apel \u00een situa\u0163ia \u00een care persoana se consider\u0103 v\u0103t\u0103mat\u0103 \u00een privin\u0163a dreptului de acces la informa\u0163iile de interes public solicitate<br \/>\n<\/strong><\/span>\u00a0\u00a0\u00a0\u00a0<span style=\"font-size: 14px;\"> \u00a0\u00a0\u00a0 \u00cempotriva refuzului explicit sau tacit al angajatului desemnat al Cur\u0163ii de Apel de aplicare a prevederilor Legii nr.544\/2001 privind liberul acces la informa\u0163iile de interes public, se poate depune reclama\u0163ie la pre\u015fedintele Cur\u0163ii de Apel Cluj \u00een termen de 30 de zile de la luarea la cuno\u015ftin\u0163\u0103 de c\u0103tre persoana lezat\u0103. Aceasta va fi solu\u0163ionat\u0103 de Comisia de analiz\u0103 privind \u00eenc\u0103lcarea dreptului de acces la informa\u0163iile de interes public.<\/span><\/p>\n<p class=\"custom-indent\" style=\"text-align: justify; font-size: 14px;\">De asemenea, \u00een cazul \u00een care o persoan\u0103 se consider\u0103 v\u0103t\u0103mat\u0103 \u00een drepturile sale prev\u0103zute de Legea nr.544\/2001, aceasta poate face pl\u00e2ngere la sec\u0163ia de contencios administrativ a tribunalului \u00een a c\u0103rei raz\u0103 teritorial\u0103 domiciliaz\u0103 sau a Tribunalului Cluj. Potrivit Legii nr. 544\/2001, pl\u00e2ngerea se face \u00een termen de 30 de zile de la data expir\u0103rii termenului \u00een care Curtea de Apel trebuia s\u0103 r\u0103spund\u0103 cererii solicitantului.<\/p>\n<p class=\"custom-indent\" style=\"text-align: justify; font-size: 14px;\">Termenul \u00een care Curtea de Apel trebuie s\u0103 r\u0103spund\u0103 este, \u00een cazul comunic\u0103rii informa\u0163iilor solicitate, de 10 zile sau de 30 de zile de la \u00eenregistrarea cererii, \u00een func\u0163ie de dificultatea, complexitatea, volumul lucr\u0103rilor documentare \u015fi de urgen\u0163a solicit\u0103rii. \u00cen cazul refuzului comunic\u0103rii informa\u0163iilor solicitate, termenul este de 5 zile de la \u00eenregistrarea cererii.<\/p>\n<p class=\"custom-indent\" style=\"text-align: justify; font-size: 14px;\">\u00cen cazul \u00een care Curtea de Apel r\u0103spunde \u00een termenul de 30 de zile, este obligat\u0103 s\u0103-l \u00een\u015ftiin\u0163eze despre aceasta pe solicitant \u00een termen de 10 zile de la \u00eenregistrarea cererii.<\/p>\n<\/div>\n<\/div><\/div><\/div><div id=\"panel-345-2-0-8\" class=\"so-panel widget widget_sow-editor\" data-index=\"10\" ><div class=\"panel-widget-style panel-widget-style-for-345-2-0-8\" ><div\n\t\t\t\n\t\t\tclass=\"so-widget-sow-editor so-widget-sow-editor-base\"\n\t\t\t\n\t\t>\n<div class=\"siteorigin-widget-tinymce textwidget\">\n\t<p><span style=\"font-size: 14px; color: #000000;\"><strong>Informa\u0163iile privind activitatea specific\u0103 a Cur\u0163ii de Apel Cluj<\/strong><\/span><br \/>\n<span style=\"font-size: 14px; text-align: justify;\">\u00a0\u00a0\u00a0\u00a0\u00a0\u00a0\u00a0 Informa\u0163iile referitoare la activitatea de judecat\u0103 \u015fi la celelalte activit\u0103\u0163i auxiliare acesteia, cum sunt cele privind dosarele de judecat\u0103, sunt disponibile, \u00een condi\u0163iile legii, la Arhiva Civil\u0103 \u015fi Comercial\u0103 (parter, camera 46) \u015fi la Arhiva Penal\u0103 (parter, camera 50), precum \u015fi la Registratur\u0103 (parter, camera 49). Deasemenea aceste informa\u0163ii sunt disponibile \u015fi \u00een sistem informatizat ECRIS.<\/span><br \/>\n<span style=\"font-size: 14px;\">\u00a0\u00a0\u00a0\u00a0\u00a0\u00a0\u00a0 Scoaterea din incinta instan\u0163ei a dosarelor, actelor \u015fi lucr\u0103rilor, \u00een afara cazurilor prev\u0103zute de lege \u015fi de Regulamentul de ordine interioar\u0103, este interzis\u0103.<\/span><br \/>\n<span style=\"font-size: 14px; text-align: justify;\">\u00a0\u00a0\u00a0\u00a0\u00a0\u00a0\u00a0 Dosarele \u015fi registrele instan\u0163ei privitoare la activitatea de judecat\u0103 sunt publice \u015fi pot fi consultate de orice persoan\u0103 solicitant\u0103 care justific\u0103 un interes legitim, precum \u015fi de ziari\u015ftii acredita\u0163i, cu respectarea ordinii \u015fi m\u0103surilor de asigurare a integrit\u0103\u0163ii documentelor.\u00a0\u00a0\u00a0 Cererea, cu datele de identificare a solicitantului, se va depune la dosarul cauzei. Ea va fi aprobat\u0103 de salariatul care coordoneaz\u0103 activitatea compartimentului arhiv\u0103, \u0163in\u00e2nd seama de priorit\u0103\u0163ile impuse de buna desf\u0103\u015furare a procesului \u00een cauza respectiv\u0103.<\/span><br \/>\n<span style=\"font-size: 14px;\">\u00a0\u00a0\u00a0\u00a0\u00a0\u00a0\u00a0\u00a0 Dosarul va fi studiat numai \u00een arhiv\u0103, dup\u0103 identificarea \u015fi notarea numelui \u015fi prenumelui solicitantului, verific\u00e2ndu-se actul de identitate, procura \u015fi delega\u0163ia, precum \u015fi integritatea dosarului la restituire.<\/span><br \/>\n<span style=\"font-size: 14px; text-align: justify;\">Au prioritate de consultare a dosarului cauzei procurorul, p\u0103r\u0163ile, exper\u0163ii \u015fi interpre\u0163ii desemna\u0163i \u00een cauz\u0103, avoca\u0163ii sau reprezentan\u0163ii p\u0103r\u0163ilor. <\/span><span style=\"font-size: 14px;\">Dosarele ale c\u0103ror cauze au fost sau sunt judecate \u00een \u015fedin\u0163\u0103 secret\u0103, precum \u015fi cele privind autorizarea efectu\u0103rii perchezi\u0163iilor \u015fi confirmarea \u015fi autorizarea intercept\u0103rilor \u015fi \u00eenregistr\u0103rilor convorbirilor telefonice pot fi consultate numai de c\u0103tre persoanele ar\u0103tate la alineatul precedent, \u00een condi\u0163iile legii; \u00een acela\u015fi mod vor fi solu\u0163ionate \u015fi cererile privind documentele \u015fi eviden\u0163ele speciale ale instan\u0163ei care presupun confiden\u0163ialitate.<\/span><br \/>\n<span style=\"font-size: 14px; text-align: justify;\">\u00a0\u00a0\u00a0\u00a0\u00a0\u00a0\u00a0 Eliberarea copiilor dup\u0103 documentele aflate la dosare urmeaz\u0103 \u00een mod corespunz\u0103tor regulile prev\u0103zute mai sus.<\/span><br \/>\n<span style=\"font-size: 14px; text-align: justify;\">\u00a0\u00a0\u00a0\u00a0\u00a0\u00a0\u00a0 Dreptul la liberul acces la informa\u0163ii privind activitatea judiciar\u0103 poate fi restr\u00e2ns, \u00een condi\u0163iile legii, atunci c\u00e2nd aceasta se face \u00een interesul moralit\u0103\u0163ii, al ordinii publice ori al securit\u0103\u0163ii na\u0163ionale sau c\u00e2nd interesele minorilor ori protec\u0163ia vie\u0163ii private a p\u0103r\u0163ilor \u00een proces o impun. Acest drept poate fi restr\u00e2ns \u015fi atunci c\u00e2nd, \u00een \u00eemprejur\u0103ri speciale, instan\u0163a apreciaz\u0103 c\u0103 publicitatea ar fi de natur\u0103 s\u0103 aduc\u0103 atingere intereselor justi\u0163iei.<br \/>\n<\/span><\/p>\n<\/div>\n<\/div><\/div><\/div><div id=\"panel-345-2-0-9\" class=\"so-panel widget widget_sow-editor\" data-index=\"11\" ><div class=\"panel-widget-style panel-widget-style-for-345-2-0-9\" ><div\n\t\t\t\n\t\t\tclass=\"so-widget-sow-editor so-widget-sow-editor-base\"\n\t\t\t\n\t\t>\n<div class=\"siteorigin-widget-tinymce textwidget\">\n\t<p><span style=\"color: #000000;\"><strong><span style=\"font-size: 14px;\">Atribu\u0163iile judec\u0103torilor<\/span><\/strong><\/span><br \/>\n<span style=\"font-size: 14px;\">\u00a0\u00a0\u00a0\u00a0\u00a0\u00a0\u00a0 a) Atribu\u0163ii jurisdic\u0163ionale: de a solu\u0163iona cauzele aflate \u00een competen\u0163a de judecat\u0103 a Cur\u0163ii de Apel Cluj.<\/span><br \/>\n<span style=\"font-size: 14px;\">\u00a0\u00a0\u00a0\u00a0\u00a0\u00a0\u00a0 b) Atribu\u0163ii administrative: acelea care, potrivit legii, vizeaz\u0103 buna desf\u0103\u015furare a activit\u0103\u0163ii administrative a instan\u0163ei (execut\u0103ri penale \u015fi civile, analiza practicii judiciare, rela\u0163ia cu mass-media \u015fi rela\u0163iile publice etc).<\/span><br \/>\n<span style=\"font-size: 14px; text-align: justify;\">\u00a0\u00a0\u00a0\u00a0\u00a0\u00a0\u00a0 Pre\u015fedintele, vicepre\u015fedin\u0163ii \u015fi Colegiul de conducere al Cur\u0163ii exercit\u0103 atribu\u0163iile de conducere a Cur\u0163ii de Apel Cluj, iar pre\u015fedin\u0163ii de sec\u0163ie asigur\u0103 conducerea celor 3 sec\u0163ii ale Cur\u0163ii - a Sec\u0163iei civile, munc\u0103 \u015fi asigur\u0103ri sociale,pentru minori \u015fi familie, a Sec\u0163iei comerciale, de contencios administrativ \u015fi fiscal \u015fi a Sec\u0163iei penale \u015fi de minori. De asemenea, pre\u015fedintele \u015fi vicepre\u015fedin\u0163ii au, dup\u0103 caz, atribu\u0163ii de coordonare sau de control a activit\u0103\u0163ii instan\u0163elor aflate \u00een raza de competen\u0163\u0103 a Cur\u0163ii de Apel Cluj.<\/span><\/p>\n<\/div>\n<\/div><\/div><\/div><div id=\"panel-345-2-0-10\" class=\"so-panel widget widget_sow-editor\" data-index=\"12\" ><div class=\"panel-widget-style panel-widget-style-for-345-2-0-10\" ><div\n\t\t\t\n\t\t\tclass=\"so-widget-sow-editor so-widget-sow-editor-base\"\n\t\t\t\n\t\t>\n<div class=\"siteorigin-widget-tinymce textwidget\">\n\t<p><strong><span style=\"font-size: 14px; color: #000000;\">Atribu\u0163iile compartimentelor din cadrul Cur\u0163ii de Apel Cluj<\/span><\/strong><br \/>\n<span style=\"font-size: 14px;\">\u00a0\u00a0\u00a0\u00a0\u00a0\u00a0\u00a0 1.Grefa, registratura \u015fi arhiva<\/span><br \/>\n<span style=\"font-size: 14px;\">\u00a0\u00a0\u00a0\u00a0\u00a0\u00a0\u00a0 Grefa, registratura \u015fi arhiva efectueaz\u0103 opera\u0163iuni privind primirea, \u00eenregistrarea \u015fi expedierea coresponden\u0163ei, \u00eendosarierea actelor, p\u0103strarea registrelor, precum \u015fi alte lucr\u0103ri cu caracter auxiliar, necesare bunei desf\u0103\u015fur\u0103ri a activit\u0103\u0163ii instan\u0163elor.<\/span><\/p>\n<p><span style=\"font-size: 14px;\">\u00a0\u00a0\u00a0\u00a0\u00a0\u00a0\u00a0 2.Biroul de informare \u015fi rela\u0163ii publice<\/span><br \/>\n<span style=\"font-size: 14px;\">\u00a0\u00a0\u00a0\u00a0\u00a0\u00a0\u00a0 Biroul de informare \u015fi rela\u0163ii publice asigur\u0103 leg\u0103turile instan\u0163ei cu publicul \u015fi cu mijloacele de comunicare \u00een mas\u0103, \u00een vederea realiz\u0103rii transparen\u0163ei activit\u0103\u0163ii judiciare, \u00een condi\u0163iile legii. De asemenea, acesta \u00eendepline\u015fte obliga\u0163ia legal\u0103 de furnizare din oficiu \u015fi la cerere a informa\u0163iilor prev\u0103zute de lege, de \u00eenregistrare \u015fi de repartizare a peti\u0163iilor, precum \u015fi de trimitere \u00een termen a r\u0103spunsului la peti\u0163iile adresate Cur\u0163ii de Apel Cluj.<\/span><br \/>\n<span style=\"font-size: 14px;\">Biroul este condus de judec\u0103torul desemnat de c\u0103tre pre\u015fedintele Cur\u0163ii, care \u00eendepline\u015fte \u015fi rolul de purt\u0103tor de cuv\u00e2nt.<\/span><\/p>\n<p><span style=\"font-size: 14px;\">\u00a0\u00a0\u00a0\u00a0\u00a0\u00a0\u00a0 3.Compartimentul economico-financiar \u015fi administrativ<\/span><br \/>\n<span style=\"font-size: 14px; text-align: justify;\">\u00a0\u00a0\u00a0\u00a0\u00a0\u00a0\u00a0 Compartimentul economico-financiar \u015fi administrativ are ca atribu\u0163ii principale efectuarea opera\u0163iunilor financiar-contabile, eviden\u0163a bunurilor, asigurarea condi\u0163iilor materiale pentru desf\u0103\u015furarea activit\u0103\u0163ii instan\u0163elor \u015fi gospod\u0103rirea localurilor.<\/span><br \/>\n<span style=\"font-size: 14px;\">Biroul \u201ePersonal\u201d func\u0163ioneaz\u0103 integrat Compartimentului economico-financiar \u015fi administrativ.<\/span><br \/>\n<span style=\"font-size: 14px;\">Compartimentul economico-financiar \u015fi administrativ este condus de c\u0103tre managerul economic al instan\u0163ei.<\/span><\/p>\n<p><span style=\"font-size: 14px;\">\u00a0\u00a0\u00a0\u00a0\u00a0\u00a0\u00a0 4.Compartimentul de informatizare juridic\u0103<\/span><br \/>\n<span style=\"font-size: 14px;\">\u00a0\u00a0\u00a0\u00a0\u00a0\u00a0\u00a0 Compartimentul de informatizare juridic\u0103 asigur\u0103 \u00een principal implementarea \u015fi exploatarea \u00een condi\u0163ii optime a produselor \u015fi programelor informatice \u00een cadrul instan\u0163ei.<\/span><\/p>\n<p><span style=\"font-size: 14px;\">\u00a0\u00a0\u00a0\u00a0\u00a0\u00a0\u00a0 5.Serviciul de documentare<\/span><br \/>\n<span style=\"font-size: 14px;\">\u00a0\u00a0\u00a0\u00a0\u00a0\u00a0\u00a0 Serviciul de documentare \u0163ine eviden\u0163a legisla\u0163iei, a jurispruden\u0163ei, precum \u015fi gestiunea bibliotecii.<\/span><\/p>\n<p><span style=\"font-size: 14px;\">\u00a0\u00a0\u00a0\u00a0\u00a0\u00a0\u00a0 6.Compartimentul de protec\u0163ie a muncii<\/span><br \/>\n<span style=\"font-size: 14px;\">\u00a0\u00a0\u00a0\u00a0\u00a0\u00a0\u00a0 Compartimentul de protec\u0163ie a muncii asigur\u0103 respectarea dispozi\u0163iilor legii \u00een domeniul securit\u0103\u0163ii \u015fi a medicinei muncii.<\/span><\/p>\n<p><span style=\"font-size: 14px;\">\u00a0\u00a0\u00a0\u00a0\u00a0\u00a0\u00a0 7.Personalul de serviciu<\/span><br \/>\n<span style=\"font-size: 14px;\">\u00a0\u00a0\u00a0\u00a0\u00a0\u00a0\u00a0 Personalul de serviciu asigur\u0103 ordinea, cur\u0103\u0163enia, \u00eentre\u0163inerea \u015fi paza bunurilor \u00een sediul instan\u0163ei.<\/span><\/p>\n<\/div>\n<\/div><\/div><\/div><div id=\"panel-345-2-0-11\" class=\"so-panel widget widget_sow-editor\" data-index=\"13\" ><div class=\"panel-widget-style panel-widget-style-for-345-2-0-11\" ><div\n\t\t\t\n\t\t\tclass=\"so-widget-sow-editor so-widget-sow-editor-base\"\n\t\t\t\n\t\t>\n<div class=\"siteorigin-widget-tinymce textwidget\">\n\t<p><span style=\"color: #000000;\"><strong><span style=\"font-size: 14px;\">Documentele produse \u015fi\/sau gestionate de Curtea de Apel Cluj<\/span><\/strong><\/span><br \/>\n<span style=\"font-size: 14px;\">\u00a0\u00a0\u00a0\u00a0\u00a0\u00a0\u00a0 - Registrul general de dosare<\/span><br \/>\n<span style=\"font-size: 14px;\">\u00a0\u00a0\u00a0\u00a0\u00a0\u00a0\u00a0 - Registrul de intrare-ie\u015fire a coresponden\u0163ei administrative<\/span><br \/>\n<span style=\"font-size: 14px;\">\u00a0\u00a0\u00a0\u00a0\u00a0\u00a0\u00a0 - Registrul informativ<\/span><br \/>\n<span style=\"font-size: 14px;\">\u00a0\u00a0\u00a0\u00a0\u00a0\u00a0\u00a0 - Registrul de termene al arhivei<\/span><br \/>\n<span style=\"font-size: 14px;\">\u00a0\u00a0\u00a0\u00a0\u00a0\u00a0\u00a0 - Registrul de eviden\u0163\u0103 a redact\u0103rii hot\u0103r\u00e2rilor<\/span><br \/>\n<span style=\"font-size: 14px;\">\u00a0\u00a0\u00a0\u00a0\u00a0\u00a0\u00a0 - Registrul de eviden\u0163\u0103 \u015fi punere \u00een executare a hot\u0103r\u00e2rilor penale<\/span><br \/>\n<span style=\"font-size: 14px;\">\u00a0\u00a0\u00a0\u00a0\u00a0\u00a0\u00a0 - Registrul de eviden\u0163\u0103 \u015fi punere \u00een executare a hot\u0103r\u00e2rilor civile<\/span><br \/>\n<span style=\"font-size: 14px;\">\u00a0\u00a0\u00a0\u00a0\u00a0\u00a0\u00a0 - Registrul de control<\/span><br \/>\n<span style=\"font-size: 14px;\">\u00a0\u00a0\u00a0\u00a0\u00a0\u00a0\u00a0 - Registrele de eviden\u0163\u0103 ale c\u0103ilor de atac, dup\u0103 cum acestea sunt apeluri sau recursuri \u015fi dup\u0103 cum acestea sunt exercitate \u00een materie civil\u0103, comercial\u0103 sau penal\u0103<\/span><br \/>\n<span style=\"font-size: 14px;\">\u00a0\u00a0\u00a0\u00a0\u00a0\u00a0\u00a0 - Registrul de eviden\u0163\u0103 a mandatelor de arestare preventiv\u0103 emise de judec\u0103tor \u00een cursul urm\u0103ririi penale<\/span><br \/>\n<span style=\"font-size: 14px;\">\u00a0\u00a0\u00a0\u00a0\u00a0\u00a0\u00a0 - Registrul de eviden\u0163\u0103 a mandatelor de arestare preventiv\u0103 emise de judec\u0103tor \u00een cursul judec\u0103\u0163ii<\/span><br \/>\n<span style=\"font-size: 14px;\">\u00a0\u00a0\u00a0\u00a0\u00a0\u00a0\u00a0 - Registrul de eviden\u0163\u0103 a sesiz\u0103rilor privind efectuarea perchezi\u0163iilor autorizate de judec\u0103tor \u00een cursul urm\u0103ririi penale<\/span><br \/>\n<span style=\"font-size: 14px;\">\u00a0\u00a0\u00a0\u00a0\u00a0\u00a0\u00a0 - Registrul de eviden\u0163\u0103 a sesiz\u0103rilor privind confirmarea \u015fi autorizarea intercept\u0103rilor \u015fi \u00eenregistr\u0103rilor pe band\u0103 magnetic\u0103 sau pe orice alt tip de suport. Potrivit legii, acest registru nu este destinat publicit\u0103\u0163ii.<\/span><br \/>\n<span style=\"font-size: 14px;\">\u00a0\u00a0\u00a0\u00a0\u00a0\u00a0\u00a0 - Registrul privind eviden\u0163a \u015fi punerea \u00een executare a pl\u00e2ngerilor introduse \u00eempotriva actelor \u015fi m\u0103surilor luate de procuror \u00een faza urm\u0103ririi penale<\/span><br \/>\n<span style=\"font-size: 14px;\">\u00a0\u00a0\u00a0\u00a0\u00a0\u00a0\u00a0 - Registrul sesiz\u0103rilor privind prelungirea arest\u0103rii preventive<\/span><br \/>\n<span style=\"font-size: 14px;\">\u00a0\u00a0\u00a0\u00a0\u00a0\u00a0\u00a0 - Registrul valorilor \u015fi corpurilor delicte<\/span><br \/>\n<span style=\"font-size: 14px;\">\u00a0\u00a0\u00a0\u00a0\u00a0\u00a0\u00a0 - Registrul de eviden\u0163\u0103 a peti\u0163iilor<\/span><br \/>\n<span style=\"font-size: 14px;\">\u00a0\u00a0\u00a0\u00a0\u00a0\u00a0\u00a0 - Registrul pentru \u00eenregistrarea cererilor \u015fi r\u0103spunsurilor privind accesul la informa\u0163iile de interes public<\/span><br \/>\n<span style=\"font-size: 14px;\">\u00a0\u00a0\u00a0\u00a0\u00a0\u00a0\u00a0 - Mapele de hot\u0103r\u00e2ri \u00een materie civil\u0103, comercial\u0103 \u015fi penal\u0103, dup\u0103 cum sunt pronun\u0163ate \u00een prim\u0103 instan\u0163\u0103, \u00een apel sau \u00een recurs<\/span><br \/>\n<span style=\"font-size: 14px;\">\u00a0\u00a0\u00a0\u00a0\u00a0\u00a0\u00a0 - Mapele ce cuprind d\u0103rile de seam\u0103 statistice<\/span><br \/>\n<span style=\"font-size: 14px;\">\u00a0\u00a0\u00a0\u00a0\u00a0\u00a0\u00a0 - Condica \u015fedin\u0163ei de judecat\u0103<\/span><br \/>\n<span style=\"font-size: 14px;\">\u00a0\u00a0\u00a0\u00a0\u00a0\u00a0\u00a0 - Condica de coresponden\u0163\u0103<\/span><br \/>\n<span style=\"font-size: 14px;\">\u00a0\u00a0\u00a0\u00a0\u00a0\u00a0\u00a0 - Opisul alfabetic<\/span><br \/>\n<span style=\"font-size: 14px;\">\u00a0\u00a0\u00a0\u00a0\u00a0\u00a0\u00a0 - Dosarele privind activitatea de judecat\u0103<\/span><br \/>\n<span style=\"font-size: 14px;\">\u00a0\u00a0\u00a0\u00a0\u00a0\u00a0\u00a0 - Dosarele administrative prev\u0103zute de Nomenclatorul dosarelor<\/span><\/p>\n<\/div>\n<\/div><\/div><\/div><div id=\"panel-345-2-0-12\" class=\"so-panel widget widget_sow-editor\" data-index=\"14\" ><div class=\"panel-widget-style panel-widget-style-for-345-2-0-12\" ><div\n\t\t\t\n\t\t\tclass=\"so-widget-sow-editor so-widget-sow-editor-base\"\n\t\t\t\n\t\t>\n<div class=\"siteorigin-widget-tinymce textwidget\">\n\t<p><strong><span style=\"font-size: 14px; color: #000000;\"> Prelucrarea datelor cu caracter personalaracter Personal.<\/span><\/strong><br \/>\n<span style=\"font-size: 14px;\">\u00a0\u00a0\u00a0\u00a0\u00a0\u00a0\u00a0 Curtea de Apel Cluj este \u00eenscris\u0103 \u00een registrul de eviden\u0163\u0103 a prelucr\u0103rilor de date cu caracter personal al Autorit\u0103\u0163ii Na\u0163ionale de Supraveghere a Prelucr\u0103rii Datelor cu Caracter Personal.<\/span><br \/>\n<span style=\"font-size: 14px;\">\u00a0\u00a0\u00a0\u00a0\u00a0\u00a0\u00a0 Astfel, numerele de \u00eenregistrare ca operator de date conform art. 24 alin. 2 din Legea nr. 677\/2001 ale Cur\u0163ii sunt urm\u0103toarele:<\/span><br \/>\n<span style=\"font-size: 14px;\">8429 \u2013 pentru prelucrarea datelor cu caracter personal \u00een materie penal\u0103;<\/span><br \/>\n<span style=\"font-size: 14px;\">8428 \u2013 pentru prelucrarea datelor cu caracter personal \u00een materie civil\u0103 \u015fi resurse umane.<\/span><br \/>\n<span style=\"font-size: 14px;\">\u00a0\u00a0\u00a0\u00a0\u00a0\u00a0 <a style=\"text-decoration: none; font-size: 14px;\" href=\"\/wp-content\/uploads\/2019\/08\/supraveghere-video-WEB.pdf\" target=\"_blank\" rel=\"noopener\">Pentru utilizarea mijloacelor de supraveghere video<\/a> Curtea de Apel Cluj este \u00eenscrisa cu numarul 38789 \u00een registrul de evidenta a prelucrarilor de date cu caracter personal al Autoritatii Nationale de Supraveghere a Prelucrarii Datelor cu Caracter Personal. <\/span><\/p>\n<\/div>\n<\/div><\/div><\/div><div id=\"panel-345-2-0-13\" class=\"so-panel widget widget_xyz_insert_php_widget\" data-index=\"15\" ><span style=\"font-size:13px; font-weight:bold; color:black\">Raport activitate biroul de relatii publice<\/span>\r\n<script type=\"text\/javascript\" >\r\njQuery(document).ready(function($){\r\n\tjQuery( '#container-raport-activitate-birou-relatii-publice' ).html( '<ul class=\"filetree start\"><li class=\"wait\">' + 'Generating Tree...' + '<li><\/ul>' );\r\n\t\r\n\tgetfilelist( $('#container-raport-activitate-birou-relatii-publice') , 'documente\/informatii_publice\/raport-activitate-birou-relatii-publice' );\r\n\t\r\n\tfunction getfilelist( cont, root ) {\r\n\t\r\n\t\tjQuery( cont ).addClass( 'wait' );\r\n\t\t\r\n\t\tjQuery.post( 'https:\/\/www.curteadeapelcluj.ro\/Foldertree_raport_act_relatii_publice.php', { dir: root, baza_link:'https:\/\/www.curteadeapelcluj.ro'  }, function( data ) {\r\n\t\r\n\t\t\tjQuery( cont ).find( '.start' ).html( '' );\r\n\t\t\tjQuery( cont ).removeClass( 'wait' ).append( data );\r\n\t\t\tif( 'Sample' == root ) \r\n\t\t\t\t$( cont ).find('UL:hidden').show();\r\n\t\t\telse \r\n\t\t\t\t$( cont ).find('UL:hidden').slideDown({ duration: 500, easing: null });\r\n\t\t\t\r\n\t\t});\r\n\t}\r\n\t\r\n\tjQuery( '#container-raport-activitate-birou-relatii-publice' ).on('click', 'LI A', function() {\r\n\t\tvar entry = $(this).parent();\r\n\t\t\r\n\t\tif( entry.hasClass('folder') ) {\r\n\t\t\tif( entry.hasClass('collapsed') ) {\r\n\t\t\t\t\t\t\r\n\t\t\t\tentry.find('UL').remove();\r\n\t\t\t\tgetfilelist( entry, escape( $(this).attr('rel') ));\r\n\t\t\t\tentry.removeClass('collapsed').addClass('expanded');\r\n\t\t\t}\r\n\t\t\telse {\r\n\t\t\t\t\r\n\t\t\t\tentry.find('UL').slideUp({ duration: 500, easing: null });\r\n\t\t\t\tentry.removeClass('expanded').addClass('collapsed');\r\n\t\t\t}\r\n\t\t} else {\r\n\t\t\tvar url = $(this).attr('href'); \r\n\t\t\twindow.open(url, '_blank');\r\n\t\t\t\/\/$( '#selected_file' ).text( \"File:  \" + $(this).attr( 'rel' ));\r\n\t\t}\r\n\treturn false;\r\n\t});\r\n\t\r\n\t\r\n});\r\n<\/script>\r\n\r\n<div id=\"container-raport-activitate-birou-relatii-publice\"> <\/div>\r\n<!--<div id=\"selected_file\"><\/div>!-->\r\n\r\n<\/div><div id=\"panel-345-2-0-14\" class=\"so-panel widget widget_xyz_insert_php_widget panel-last-child\" data-index=\"16\" ><span style=\"font-size:13px; font-weight:bold; color:black\">Ziua Europeana a Justitiei - 25.10.2020<\/span>\r\n<script type=\"text\/javascript\" >\r\njQuery(document).ready(function($){\r\n\tjQuery( '#container-ziua_portilor_deschise' ).html( '<ul class=\"filetree start\"><li class=\"wait\">' + 'Generating Tree...' + '<li><\/ul>' );\r\n\t\r\n\tgetfilelist( $('#container-ziua_portilor_deschise') , 'documente\/informatii_publice\/ziua-portilor-deschise' );\r\n\t\r\n\tfunction getfilelist( cont, root ) {\r\n\t\r\n\t\tjQuery( cont ).addClass( 'wait' );\r\n\t\t\r\n\t\tjQuery.post( 'https:\/\/www.curteadeapelcluj.ro\/Foldertree_ziua_portilor_deschise.php', { dir: root, baza_link:'https:\/\/www.curteadeapelcluj.ro'  }, function( data ) {\r\n\t\r\n\t\t\tjQuery( cont ).find( '.start' ).html( '' );\r\n\t\t\tjQuery( cont ).removeClass( 'wait' ).append( data );\r\n\t\t\tif( 'Sample' == root ) \r\n\t\t\t\t$( cont ).find('UL:hidden').show();\r\n\t\t\telse \r\n\t\t\t\t$( cont ).find('UL:hidden').slideDown({ duration: 500, easing: null });\r\n\t\t\t\r\n\t\t});\r\n\t}\r\n\t\r\n\tjQuery( '#container-ziua_portilor_deschise' ).on('click', 'LI A', function() {\r\n\t\tvar entry = $(this).parent();\r\n\t\t\r\n\t\tif( entry.hasClass('folder') ) {\r\n\t\t\tif( entry.hasClass('collapsed') ) {\r\n\t\t\t\t\t\t\r\n\t\t\t\tentry.find('UL').remove();\r\n\t\t\t\tgetfilelist( entry, escape( $(this).attr('rel') ));\r\n\t\t\t\tentry.removeClass('collapsed').addClass('expanded');\r\n\t\t\t}\r\n\t\t\telse {\r\n\t\t\t\t\r\n\t\t\t\tentry.find('UL').slideUp({ duration: 500, easing: null });\r\n\t\t\t\tentry.removeClass('expanded').addClass('collapsed');\r\n\t\t\t}\r\n\t\t} else {\r\n\t\t\tvar url = $(this).attr('href'); \r\n\t\t\twindow.open(url, '_blank');\r\n\t\t\t\/\/$( '#selected_file' ).text( \"File:  \" + $(this).attr( 'rel' ));\r\n\t\t}\r\n\treturn false;\r\n\t});\r\n\t\r\n\t\r\n});\r\n<\/script>\r\n\r\n<div id=\"container-ziua_portilor_deschise\"> <\/div>\r\n<!--<div id=\"selected_file\"><\/div>!-->\r\n\r\n<\/div><\/div><\/div><\/div><\/div>","protected":false},"excerpt":{"rendered":"<p>Informa\u0163ii de interes public Orice persoan\u0103 poate solicita informa\u0163ii de interes public unei institu\u0163ii sau autorit\u0103\u0163i publice, \u00een condi\u0163iile Legii nr. 544\/2001 privind liberul acces la informa\u0163iile de interes public. Cererea scris\u0103 trebuie s\u0103 cuprind\u0103: &#8211; autoritatea sau institu\u0163ia public\u0103 c\u0103reia \u00eei este adresat\u0103 cererea (Curtea de Apel Cluj); &#8211; informa\u0163ia solicitat\u0103, astfel \u00eenc\u00e2t s\u0103 [&hellip;]<\/p>\n","protected":false},"author":1,"featured_media":0,"parent":2478,"menu_order":0,"comment_status":"closed","ping_status":"closed","template":"","meta":{"footnotes":""},"class_list":["post-345","page","type-page","status-publish","hentry","post"],"_links":{"self":[{"href":"https:\/\/www.curteadeapelcluj.ro\/index.php\/wp-json\/wp\/v2\/pages\/345","targetHints":{"allow":["GET"]}}],"collection":[{"href":"https:\/\/www.curteadeapelcluj.ro\/index.php\/wp-json\/wp\/v2\/pages"}],"about":[{"href":"https:\/\/www.curteadeapelcluj.ro\/index.php\/wp-json\/wp\/v2\/types\/page"}],"author":[{"embeddable":true,"href":"https:\/\/www.curteadeapelcluj.ro\/index.php\/wp-json\/wp\/v2\/users\/1"}],"replies":[{"embeddable":true,"href":"https:\/\/www.curteadeapelcluj.ro\/index.php\/wp-json\/wp\/v2\/comments?post=345"}],"version-history":[{"count":243,"href":"https:\/\/www.curteadeapelcluj.ro\/index.php\/wp-json\/wp\/v2\/pages\/345\/revisions"}],"predecessor-version":[{"id":5241,"href":"https:\/\/www.curteadeapelcluj.ro\/index.php\/wp-json\/wp\/v2\/pages\/345\/revisions\/5241"}],"up":[{"embeddable":true,"href":"https:\/\/www.curteadeapelcluj.ro\/index.php\/wp-json\/wp\/v2\/pages\/2478"}],"wp:attachment":[{"href":"https:\/\/www.curteadeapelcluj.ro\/index.php\/wp-json\/wp\/v2\/media?parent=345"}],"curies":[{"name":"wp","href":"https:\/\/api.w.org\/{rel}","templated":true}]}}